{"id":788,"date":"2022-03-06T16:15:49","date_gmt":"2022-03-06T15:15:49","guid":{"rendered":"https:\/\/www.karntnerhof.com\/arrivee\/"},"modified":"2025-03-21T09:58:26","modified_gmt":"2025-03-21T08:58:26","slug":"emplacement","status":"publish","type":"page","link":"https:\/\/www.karntnerhof.com\/fr\/emplacement\/","title":{"rendered":"Arriv\u00e9e"},"content":{"rendered":"<section class=\"l-section wpb_row height_auto\"><div class=\"l-section-h i-cf\"><div class=\"g-cols vc_row via_flex valign_top type_default stacking_default\"><div class=\"vc_col-sm-12 wpb_column vc_column_container\"><div class=\"vc_column-inner\"><div class=\"wpb_wrapper\"><\/div><\/div><\/div><\/div><\/div><\/section><section class=\"l-section wpb_row hide_on_default hide_on_laptops height_auto width_full\"><div class=\"l-section-h i-cf\"><div class=\"g-cols vc_row via_flex valign_top type_default stacking_default\"><div class=\"vc_col-sm-12 wpb_column vc_column_container\"><div class=\"vc_column-inner\"><div class=\"wpb_wrapper\"><section class=\"l-section wpb_row us_custom_47d1b5f3 has_text_color hide_on_default hide_on_laptops hide_on_tablets height_auto width_full\" id=\"t\u00e9l\u00e9phone intelligent\"><div class=\"l-section-overlay\" style=\"background:#697ea7\"><\/div><div class=\"l-section-h i-cf\"><div class=\"g-cols vc_row via_flex valign_middle type_default stacking_default\"><div class=\"vc_col-sm-12 wpb_column vc_column_container has-link\"><div class=\"vc_column-inner\"><div class=\"wpb_wrapper\">[vc_custom_heading text=\u00a0\u00bbR\u00e9server au meilleur prix garanti<br \/>\nToutes les chambres sont climatis\u00e9es\u00a0\u00bb font_container=\u00a0\u00bbtag:h5|text_align:center\u00a0\u00bb google_fonts=\u00a0\u00bbfont_family:Open%20Sans%3A300%2C300italic%2Cregular%2Citalic%2C600%2C600italic%2C700%2C700italic%2C800%2C800italic|font_style:400%20regular%3A400%3Anormal\u00a0\u00bb]<\/div><\/div><a target=\"_blank\" rel=\"nofollow\" href=\"https:\/\/www.simplebooking.it\/ibe\/search?hid=6896&amp;lang=FR\" class=\"vc_column-link smooth-scroll\" aria-label=\"Lien\"><\/a><\/div><\/div><\/div><\/section><section class=\"l-section wpb_row us_custom_835cda68 has_text_color hide_on_default hide_on_laptops hide_on_mobiles height_auto width_full\" id=\"tablette\"><div class=\"l-section-overlay\" style=\"background:#697ea7\"><\/div><div class=\"l-section-h i-cf\"><div class=\"g-cols vc_row via_flex valign_middle type_default stacking_default\"><div class=\"vc_col-sm-12 wpb_column vc_column_container has-link\"><div class=\"vc_column-inner\"><div class=\"wpb_wrapper\">[vc_custom_heading text=\u00a0\u00bbR\u00e9server au meilleur prix garanti. Toutes les chambres sont climatis\u00e9es\u00a0\u00bb font_container=\u00a0\u00bbtag:h5|text_align:center\u00a0\u00bb google_fonts=\u00a0\u00bbfont_family:Open%20Sans%3A300%2C300italic%2Cregular%2Citalic%2C600%2C600italic%2C700%2C700italic%2C800%2C800italic|font_style:400%20regular%3A400%3Anormal\u00a0\u00bb]<\/div><\/div><a target=\"_blank\" rel=\"nofollow\" href=\"https:\/\/www.simplebooking.it\/ibe\/search?hid=6896&amp;lang=FR\" class=\"vc_column-link smooth-scroll\" aria-label=\"Lien\"><\/a><\/div><\/div><\/div><\/section>\n<\/div><\/div><\/div><\/div><\/div><\/section><section class=\"l-section wpb_row height_medium\"><div class=\"l-section-h i-cf\"><div class=\"g-cols vc_row via_flex valign_top type_default stacking_default\"><div class=\"vc_col-sm-12 wpb_column vc_column_container\"><div class=\"vc_column-inner\"><div class=\"wpb_wrapper\"><div class=\"g-cols wpb_row via_flex valign_top type_default stacking_default\"><div class=\"vc_col-sm-3 wpb_column vc_column_container\"><div class=\"vc_column-inner\"><div class=\"wpb_wrapper\"><div class=\"w-image align_center\"><a ref=\"magnificPopup\" href=\"https:\/\/www.karntnerhof.com\/wp-content\/uploads\/2022\/03\/14032022-Anfahrtsplan.jpg\" aria-label=\"14032022-Anfahrtsplan\" class=\"w-image-h\"><img decoding=\"async\" width=\"300\" height=\"300\" src=\"https:\/\/www.karntnerhof.com\/wp-content\/uploads\/2022\/03\/14032022-Anfahrtsplan-300x300.jpg\" class=\"attachment-medium size-medium\" alt=\"\" loading=\"lazy\" srcset=\"https:\/\/www.karntnerhof.com\/wp-content\/uploads\/2022\/03\/14032022-Anfahrtsplan-300x300.jpg 300w, https:\/\/www.karntnerhof.com\/wp-content\/uploads\/2022\/03\/14032022-Anfahrtsplan-1024x1024.jpg 1024w, https:\/\/www.karntnerhof.com\/wp-content\/uploads\/2022\/03\/14032022-Anfahrtsplan-150x150.jpg 150w, https:\/\/www.karntnerhof.com\/wp-content\/uploads\/2022\/03\/14032022-Anfahrtsplan.jpg 1500w\" sizes=\"auto, (max-width: 300px) 100vw, 300px\" \/><\/a><\/div><\/div><\/div><\/div><div class=\"vc_col-sm-9 wpb_column vc_column_container\"><div class=\"vc_column-inner\"><div class=\"wpb_wrapper\"><div class=\"wpb_text_column\"><div class=\"wpb_wrapper\"><h5>Comment se rendre \u00e0 l&rsquo;h\u00f4tel K\u00e4rntnerhof<\/h5>\n<p>Voici comment vous rendre \u00e0 notre boutique-h\u00f4tel \u00e0 Vienne. <a href=\"https:\/\/www.karntnerhof.com\/wp-content\/uploads\/2022\/03\/Anfahrtsplan.pdf\" target=\"_blank\" rel=\"noopener\">Ouvrez ici la carte routi\u00e8re en PDF<\/a>.<\/p>\n<\/div><\/div><\/div><\/div><\/div><\/div><div class=\"w-separator size_small with_line width_default thick_1 style_solid color_border align_center\"><div class=\"w-separator-h\"><\/div><\/div><div class=\"g-cols wpb_row via_flex valign_top type_default stacking_default\"><div class=\"vc_col-sm-3 wpb_column vc_column_container\"><div class=\"vc_column-inner\"><div class=\"wpb_wrapper\"><div class=\"w-image align_center\"><div class=\"w-image-h\"><img decoding=\"async\" width=\"300\" height=\"300\" src=\"https:\/\/www.karntnerhof.com\/wp-content\/uploads\/2022\/03\/Auto-Icon.jpg\" class=\"attachment-full size-full\" alt=\"Boutique Hotel Wien\" loading=\"lazy\" srcset=\"https:\/\/www.karntnerhof.com\/wp-content\/uploads\/2022\/03\/Auto-Icon.jpg 300w, https:\/\/www.karntnerhof.com\/wp-content\/uploads\/2022\/03\/Auto-Icon-150x150.jpg 150w\" sizes=\"auto, (max-width: 300px) 100vw, 300px\" \/><\/div><\/div><\/div><\/div><\/div><div class=\"vc_col-sm-9 wpb_column vc_column_container\"><div class=\"vc_column-inner\"><div class=\"wpb_wrapper\"><div class=\"wpb_text_column\"><div class=\"wpb_wrapper\"><h5>Arriver en voiture<\/h5>\n<p><strong>Stationnement au K\u00e4rntnerhof<\/strong><\/p>\n<ul>\n<li>Dans le Heiligenkreuzerhof, un ensemble d&rsquo;habitations class\u00e9es, pour 25,- \u20ac par nuit.<br \/>\nIci, l&rsquo;acc\u00e8s n&rsquo;est possible que de 6 \u00e0 21 heures. Sortie le jour du d\u00e9part jusqu&rsquo;\u00e0 12h.<\/li>\n<li>Places de parking dans le parking souterrain voisin de Georg-Coch-Platz (\u00e0 ~ 8 minutes \u00e0 pied) pour<br \/>\n\u20ac 25,- par 24 heures. Le garage est ouvert 24h\/24. La carte d&rsquo;acc\u00e8s ainsi qu&rsquo;un plan d&rsquo;acc\u00e8s<br \/>\net toutes les informations compl\u00e9mentaires sont disponibles \u00e0 la r\u00e9ception de l&rsquo;h\u00f4tel.<\/li>\n<\/ul>\n<p>A Vienne, la zone de stationnement de courte dur\u00e9e s&rsquo;applique sur toute la ligne du lundi au vendredi de 9h \u00e0 22h. La dur\u00e9e maximale de stationnement sur voirie est de 2 heures (5,20 \u20ac), pour cela vous devez vous munir d&rsquo;un ticket de stationnement. Vous pouvez l&rsquo;acheter au bureau de tabac, dans la plupart des stations-service ou au distributeur automatique de billets dans une station de m\u00e9tro. Il n&rsquo;y a pas de zone de stationnement de courte dur\u00e9e pour les motos et les cyclomoteurs.<\/p>\n<p><strong>En alternative \u00e0 nos parkings, il existe des parkings Park &amp; Ride en dehors du centre-ville :<\/strong><\/p>\n<p><strong>Park &amp; Ride (0 &#8211; 24h) \u00e0 partir de \u20ac 4,40 \/ jour<\/strong><\/p>\n<p>Dans les installations Park &amp; Ride \u00e0 la p\u00e9riph\u00e9rie de Vienne, vous pouvez facilement passer de votre voiture aux transports en commun (par exemple, m\u00e9tro, tram ou bus).<\/p>\n<p>Erdberg (U3), 1030 Wien, Franzosengraben 2<br \/>\nH\u00fctteldorf (U4), 1140 Wien, Deutschordenstra\u00dfe 3a<\/p>\n<\/div><\/div><\/div><\/div><\/div><\/div><div class=\"w-separator size_small with_line width_default thick_1 style_solid color_border align_center\"><div class=\"w-separator-h\"><\/div><\/div><div class=\"g-cols wpb_row via_flex valign_top type_default stacking_default\"><div class=\"vc_col-sm-3 wpb_column vc_column_container\"><div class=\"vc_column-inner\"><div class=\"wpb_wrapper\"><div class=\"w-image align_center\"><div class=\"w-image-h\"><img decoding=\"async\" width=\"300\" height=\"300\" src=\"https:\/\/www.karntnerhof.com\/wp-content\/uploads\/2022\/03\/Bahn-Icon.jpg\" class=\"attachment-full size-full\" alt=\"Boutique Hotel Wien\" loading=\"lazy\" srcset=\"https:\/\/www.karntnerhof.com\/wp-content\/uploads\/2022\/03\/Bahn-Icon.jpg 300w, https:\/\/www.karntnerhof.com\/wp-content\/uploads\/2022\/03\/Bahn-Icon-150x150.jpg 150w\" sizes=\"auto, (max-width: 300px) 100vw, 300px\" \/><\/div><\/div><\/div><\/div><\/div><div class=\"vc_col-sm-9 wpb_column vc_column_container\"><div class=\"vc_column-inner\"><div class=\"wpb_wrapper\"><div class=\"wpb_text_column\"><div class=\"wpb_wrapper\"><h5>Arriv\u00e9e de la gare \u00e0 l&rsquo;h\u00f4tel K\u00e4rntnerhof<\/h5>\n<p><strong>depuis le HAUPTBAHNHOF :<\/strong> M\u00e9tro ligne U1 depuis la gare principale 3 arr\u00eats en direction de Leopoldau jusqu&rsquo;\u00e0 la station Stephansplatz. Stephansplatz &#8211; Rotenturmstra\u00dfe &#8211; Lugeck \u00e0 droite &#8211; K\u00f6llnerhofgasse \u00e0 gauche &#8211; Grashofgasse \u00e0 droite.<\/p>\n<p><strong>de WESTBAHNHOF :<\/strong> M\u00e9tro ligne U3 de Westbahnhof 5 arr\u00eats en direction de Simmering jusqu&rsquo;\u00e0 la station Stephansplatz. Stephansplatz &#8211; Rotenturmstra\u00dfe &#8211; Lugeck \u00e0 droite &#8211; K\u00f6llnerhofgasse \u00e0 gauche &#8211; Grashofgasse \u00e0 droite.<\/p>\n<p>Stephansplatz est \u00e0 seulement 3 minutes \u00e0 pied de notre h\u00f4tel.<\/p>\n<ul>\n<li>h\u00f4tel situ\u00e9 au centre de vienne<\/li>\n<\/ul>\n<\/div><\/div><\/div><\/div><\/div><\/div><div class=\"w-separator size_small with_line width_default thick_1 style_solid color_border align_center\"><div class=\"w-separator-h\"><\/div><\/div><div class=\"g-cols wpb_row via_flex valign_top type_default stacking_default\"><div class=\"vc_col-sm-3 wpb_column vc_column_container\"><div class=\"vc_column-inner\"><div class=\"wpb_wrapper\"><div class=\"w-image align_center\"><div class=\"w-image-h\"><img decoding=\"async\" width=\"300\" height=\"300\" src=\"https:\/\/www.karntnerhof.com\/wp-content\/uploads\/2022\/03\/Flugzeug-Icon.jpg\" class=\"attachment-full size-full\" alt=\"Boutique Hotel Wien\" loading=\"lazy\" srcset=\"https:\/\/www.karntnerhof.com\/wp-content\/uploads\/2022\/03\/Flugzeug-Icon.jpg 300w, https:\/\/www.karntnerhof.com\/wp-content\/uploads\/2022\/03\/Flugzeug-Icon-150x150.jpg 150w\" sizes=\"auto, (max-width: 300px) 100vw, 300px\" \/><\/div><\/div><\/div><\/div><\/div><div class=\"vc_col-sm-9 wpb_column vc_column_container\"><div class=\"vc_column-inner\"><div class=\"wpb_wrapper\"><div class=\"wpb_text_column\"><div class=\"wpb_wrapper\"><h5>Arriv\u00e9e de l&rsquo;a\u00e9roport \u00e0 l&rsquo;h\u00f4tel K\u00e4rntnerhof<\/h5>\n<p><strong>Avec le bus de l&rsquo;a\u00e9roport \u00ab\u00a0Vienna-Airportlines\u00a0\u00bb<\/strong> en 25 minutes de l&rsquo;a\u00e9roport \u00e0 Schwedenplatz\/Morzinplatz (toutes les 30 minutes), <strong>Schwedenplatz est \u00e0 seulement 5 minutes \u00e0 pied de l&rsquo;h\u00f4tel de charme K\u00e4rntnerhof<\/strong> (via Morzinplatz &#8211; Rotenturmstra\u00dfe &#8211; Fleischmarkt \u00e0 gauche &#8211; K\u00f6llnerhofgasse \u00e0 droite &#8211; Grashofgasse \u00e0 gauche).<\/p>\n<p><strong>en taxi<\/strong> environ 25 minutes, ~ \u20ac 50,- Une station de taxi se trouve juste devant le hall d&rsquo;arriv\u00e9e. Le comptoir \u00ab\u00a0City Transfer\u00a0\u00bb dans le hall des arriv\u00e9es organise \u00e9galement des taxis et des limousines.<\/p>\n<p><strong>avec le train express no. 7<\/strong> de l&rsquo;a\u00e9roport toutes les heures jusqu&rsquo;\u00e0 Wien-Mitte, continuer avec la ligne de m\u00e9tro U4 jusqu&rsquo;\u00e0 Schwedenplatz, <strong>Schwedenplatz se trouve \u00e0 seulement 5 minutes \u00e0 pied du boutique h\u00f4tel K\u00e4rntnerhof.<\/strong><\/p>\n<p><strong>avec le CAT<\/strong> de l&rsquo;a\u00e9roport toutes les demi-heures jusqu&rsquo;\u00e0 Wien-Mitte, continuez avec la ligne de m\u00e9tro U4 jusqu&rsquo;\u00e0 Schwedenplatz, <strong>Schwedenplatz n&rsquo;est qu&rsquo;\u00e0 5 minutes \u00e0 pied du boutique h\u00f4tel K\u00e4rntnerhof.<\/strong><\/p>\n<\/div><\/div><\/div><\/div><\/div><\/div><div class=\"w-separator size_small with_line width_default thick_1 style_solid color_border align_center\"><div class=\"w-separator-h\"><\/div><\/div><div class=\"g-cols wpb_row via_flex valign_top type_default stacking_default\"><div class=\"vc_col-sm-3 wpb_column vc_column_container\"><div class=\"vc_column-inner\"><div class=\"wpb_wrapper\"><div class=\"w-image align_center\"><div class=\"w-image-h\"><img decoding=\"async\" width=\"300\" height=\"300\" src=\"https:\/\/www.karntnerhof.com\/wp-content\/uploads\/2022\/03\/Fahrrad-Icon.jpg\" class=\"attachment-full size-full\" alt=\"Boutique Hotel Wien\" loading=\"lazy\" srcset=\"https:\/\/www.karntnerhof.com\/wp-content\/uploads\/2022\/03\/Fahrrad-Icon.jpg 300w, https:\/\/www.karntnerhof.com\/wp-content\/uploads\/2022\/03\/Fahrrad-Icon-150x150.jpg 150w\" sizes=\"auto, (max-width: 300px) 100vw, 300px\" \/><\/div><\/div><\/div><\/div><\/div><div class=\"vc_col-sm-9 wpb_column vc_column_container\"><div class=\"vc_column-inner\"><div class=\"wpb_wrapper\"><div class=\"wpb_text_column\"><div class=\"wpb_wrapper\"><h5>Arriver \u00e0 v\u00e9lo<\/h5>\n<p>Vous pouvez ranger gratuitement vos v\u00e9los dans notre cour int\u00e9rieure.<\/p>\n<\/div><\/div><\/div><\/div><\/div><\/div><div class=\"w-separator size_small with_line width_default thick_1 style_solid color_border align_center\"><div class=\"w-separator-h\"><\/div><\/div><div class=\"wpb_text_column\"><div class=\"wpb_wrapper\"><h5>Carte interactive de Google Maps vers le K\u00e4rntnerhof<\/h5>\n<p>Avec la carte interactive de Google Maps, vous pouvez nous trouver facilement et directement. Vous pouvez \u00e9galement utiliser le <a href=\"https:\/\/www.google.com\/maps\/dir\/\/Hotel+K%C3%A4rntnerhof+Grashofg.+4+1010+Wien\/@48.210203,16.3761139,16z\/data=!4m8!4m7!1m0!1m5!1m1!1s0x476d07a02cd6ebb5:0xb2d0dd0e144e7812!2m2!1d16.3761139!2d48.210203\" target=\"_blank\" rel=\"noopener\">planificateur d&rsquo;itin\u00e9raire de Google<\/a> pour cr\u00e9er des itin\u00e9raires pr\u00e9cis. Si vous avez d&rsquo;autres questions sur la fa\u00e7on d&rsquo;y arriver, nous serons heureux de vous aider en <a href=\"https:\/\/www.karntnerhof.com\/fr\/contact\/\">paroles et en actes<\/a> .<\/p>\n<\/div><\/div><div class=\"w-separator size_small\"><\/div><div class=\"wpb_text_column\"><div class=\"wpb_wrapper\"><p><iframe loading=\"lazy\" style=\"border: 0;\" src=\"https:\/\/www.google.com\/maps\/embed?pb=!1m18!1m12!1m3!1d2658.813766084169!2d16.37392521626432!3d48.21020297922937!2m3!1f0!2f0!3f0!3m2!1i1024!2i768!4f13.1!3m3!1m2!1s0x476d07a02cd6ebb5%3A0xb2d0dd0e144e7812!2sHotel%20K%C3%A4rntnerhof!5e0!3m2!1sde!2sat!4v1646932465193!5m2!1sde!2sat\" width=\"3600\" height=\"450\" allowfullscreen=\"allowfullscreen\"><\/iframe><\/p>\n<\/div><\/div><\/div><\/div><\/div><\/div><\/div><\/section>\n","protected":false},"excerpt":{"rendered":"[vc_custom_heading text=\u00a0\u00bbR\u00e9server au meilleur prix garanti Toutes les chambres sont climatis\u00e9es\u00a0\u00bb font_container=\u00a0\u00bbtag:h5|text_align:center\u00a0\u00bb google_fonts=\u00a0\u00bbfont_family:Open%20Sans%3A300%2C300italic%2Cregular%2Citalic%2C600%2C600italic%2C700%2C700italic%2C800%2C800italic|font_style:400%20regular%3A400%3Anormal\u00a0\u00bb][vc_custom_heading text=\u00a0\u00bbR\u00e9server au meilleur prix garanti. Toutes les chambres sont climatis\u00e9es\u00a0\u00bb font_container=\u00a0\u00bbtag:h5|text_align:center\u00a0\u00bb google_fonts=\u00a0\u00bbfont_family:Open%20Sans%3A300%2C300italic%2Cregular%2Citalic%2C600%2C600italic%2C700%2C700italic%2C800%2C800italic|font_style:400%20regular%3A400%3Anormal\u00a0\u00bb] Comment se rendre \u00e0 l&rsquo;h\u00f4tel K\u00e4rntnerhof Voici comment vous rendre \u00e0 notre boutique-h\u00f4tel \u00e0 Vienne. Ouvrez ici la carte routi\u00e8re en PDF. Arriver en voiture Stationnement au K\u00e4rntnerhof Dans le...","protected":false},"author":1,"featured_media":0,"parent":0,"menu_order":0,"comment_status":"closed","ping_status":"closed","template":"","meta":{"_monsterinsights_skip_tracking":false,"_monsterinsights_sitenote_active":false,"_monsterinsights_sitenote_note":"","_monsterinsights_sitenote_category":0,"footnotes":""},"class_list":["post-788","page","type-page","status-publish","hentry"],"aioseo_notices":[],"_links":{"self":[{"href":"https:\/\/www.karntnerhof.com\/fr\/wp-json\/wp\/v2\/pages\/788","targetHints":{"allow":["GET"]}}],"collection":[{"href":"https:\/\/www.karntnerhof.com\/fr\/wp-json\/wp\/v2\/pages"}],"about":[{"href":"https:\/\/www.karntnerhof.com\/fr\/wp-json\/wp\/v2\/types\/page"}],"author":[{"embeddable":true,"href":"https:\/\/www.karntnerhof.com\/fr\/wp-json\/wp\/v2\/users\/1"}],"replies":[{"embeddable":true,"href":"https:\/\/www.karntnerhof.com\/fr\/wp-json\/wp\/v2\/comments?post=788"}],"version-history":[{"count":48,"href":"https:\/\/www.karntnerhof.com\/fr\/wp-json\/wp\/v2\/pages\/788\/revisions"}],"predecessor-version":[{"id":9653,"href":"https:\/\/www.karntnerhof.com\/fr\/wp-json\/wp\/v2\/pages\/788\/revisions\/9653"}],"wp:attachment":[{"href":"https:\/\/www.karntnerhof.com\/fr\/wp-json\/wp\/v2\/media?parent=788"}],"curies":[{"name":"wp","href":"https:\/\/api.w.org\/{rel}","templated":true}]}}