{"id":10729,"date":"2026-08-20T22:22:08","date_gmt":"2026-08-20T20:22:08","guid":{"rendered":"https:\/\/www.karntnerhof.com\/chambres-prix\/chambres-doubles-et-chambres-a-deux-lits\/"},"modified":"2026-09-01T20:29:26","modified_gmt":"2026-09-01T18:29:26","slug":"chambres-doubles-et-chambres-a-deux-lits","status":"publish","type":"page","link":"https:\/\/www.karntnerhof.com\/fr\/chambres-prix\/chambres-doubles-et-chambres-a-deux-lits\/","title":{"rendered":"Chambres doubles et chambres \u00e0 deux lits"},"content":{"rendered":"<div class=\"mx-hero\">\n<div class=\"mx-hero__text\">\n<h1>Chambres doubles et chambres \u00e0 deux lits \u00e0 l&rsquo;h\u00f4tel K\u00e4rntnerhof de Vienne<\/h1>\n<p class=\"mx-hero__lead\">Quatre types de chambres, un point commun : un h\u00e9bergement au c\u0153ur du 1er arrondissement, dans un cadre calme. Que vous recherchiez une chambre double \u00e0 Vienne pour un court s\u00e9jour \u00e0 deux ou que vous pr\u00e9f\u00e9riez deux lits simples s\u00e9par\u00e9s, vous trouverez la cat\u00e9gorie qui vous convient \u00e0 l&rsquo;h\u00f4tel K\u00e4rntnerhof. <\/p>\n<p class=\"mx-hero__cta\">\n<a class=\"w-btn us-btn-style_1\" target=\"_blank\" rel=\"nofollow\" href=\"https:\/\/www.simplebooking.it\/ibe\/search?hid=6896&#038;lang=DE\"><span class=\"w-btn-label\">R\u00e9servez directement cette chambre double<\/span><\/a><br \/>\n<a class=\"w-btn us-btn-style_1 mx-btn-sekundaer\" href=\"https:\/\/www.karntnerhof.com\/fr\/chambres-prix\/\"><span class=\"w-btn-label\">Toutes les chambres et tarifs<\/span><\/a>\n<\/p>\n<\/div>\n<figure class=\"mx-hero__bild\">\n<img loading=\"lazy\" decoding=\"async\" src=\"https:\/\/www.karntnerhof.com\/wp-content\/uploads\/2022\/03\/Main-Break_2-2.jpg\" width=\"716\" height=\"461\" alt=\"Chambre double \u00e0 l'h\u00f4tel K\u00e4rntnerhof de Vienne, avec un lit et deux fauteuils\"><br \/>\n<\/figure>\n<\/div>\n<div class=\"mx-fakten\">\n<div><b>4<\/b><span>Types de chambres<\/span><\/div>\n<div><b>15 \u00e0 25 m\u00b2<\/b><span>Superficie des chambres<\/span><\/div>\n<div><b>\u00e0 partir de 135 \u20ac.<\/b><span>petit-d\u00e9jeuner compris <\/span><\/div>\n<div><b>5 min.<\/b><span>jusqu&rsquo;\u00e0 la cath\u00e9drale Saint-\u00c9tienne<\/span><\/div>\n<\/div>\n<div class=\"mx-band mx-band--weiss\">\n<div class=\"mx-mitte mx-mitte--breit\">\n<h2>Comparaison entre les chambres doubles et les chambres \u00e0 deux lits<\/h2>\n<p>Toutes les chambres sont situ\u00e9es dans une ruelle calme, \u00e0 quelques minutes \u00e0 pied seulement de la cath\u00e9drale Saint-\u00c9tienne. Elles se caract\u00e9risent toutes, quelle que soit leur taille, par leur style Art nouveau viennois, le petit-d\u00e9jeuner inclus et un service personnalis\u00e9. <\/p>\n<div class=\"mx-tabelle-scroll\">\n<table class=\"mx-tabelle\">\n<thead>\n<tr>\n<th>Variante<\/th>\n<th>Taille<\/th>\n<th>Configuration du lit<\/th>\n<th>Prix \u00e0 partir de<\/th>\n<th>pupitre<\/th>\n<th>Convient pour<\/th>\n<\/tr>\n<\/thead>\n<tbody>\n<tr>\n<td>Chambre double \u00ab Small \u00bb<\/td>\n<td>15 m\u00b2<\/td>\n<td>1 lit double<\/td>\n<td>135 \u20ac \/ nuit<\/td>\n<td>oui<\/td>\n<td>Couples, courts s\u00e9jours<\/td>\n<\/tr>\n<tr>\n<td>Chambre double \u00ab Small \u00bb<\/td>\n<td>15 m\u00b2<\/td>\n<td>2 lits simples s\u00e9par\u00e9s<\/td>\n<td>135 \u20ac \/ nuit<\/td>\n<td>oui<\/td>\n<td>Amis, relations professionnelles, couples dormant s\u00e9par\u00e9ment<\/td>\n<\/tr>\n<tr>\n<td>Chambres doubles et \u00e0 deux lits \u00ab Medium \u00bb<\/td>\n<td>20 m\u00b2<\/td>\n<td>Lit double ou lits s\u00e9par\u00e9s<\/td>\n<td>165 \u20ac \/ nuit<\/td>\n<td>dans la plupart des chambres<\/td>\n<td>Les couples et les personnes dormant s\u00e9par\u00e9ment qui ont besoin de plus d&rsquo;espace<\/td>\n<\/tr>\n<tr>\n<td>Chambres doubles et \u00e0 deux lits \u00ab Large \u00bb<\/td>\n<td>25 m\u00b2<\/td>\n<td>Lit double ou lits s\u00e9par\u00e9s<\/td>\n<td>195 \u20ac \/ nuit<\/td>\n<td>oui<\/td>\n<td>Des s\u00e9jours plus longs, un plus grand confort de vie<\/td>\n<\/tr>\n<\/tbody>\n<\/table>\n<\/div>\n<p>Tous les prix s&rsquo;entendent \u00ab \u00e0 partir de \u00bb par nuit, petit-d\u00e9jeuner compris, et varient en fonction de la saison et des dates de s\u00e9jour. Vous trouverez les d\u00e9tails et les conditions en vigueur dans notre <a href=\"https:\/\/www.karntnerhof.com\/fr\/chambres-prix\/\">tableau des tarifs<\/a>.  <\/p>\n<\/div>\n<\/div>\n<div class=\"mx-band mx-band--dunkel\">\n<div class=\"mx-mitte\">\n<h2>La d\u00e9cision la plus importante \u00e0 prendre d\u00e8s le d\u00e9part : un lit double ou deux lits simples ?<\/h2>\n<p>Un lit double (id\u00e9al pour les couples) ou deux lits simples (parfaits pour des amis, des fr\u00e8res et s\u0153urs ou des voyageurs d&rsquo;affaires) ? Vous avez le choix entre ces deux options dans les trois cat\u00e9gories de chambres : Small, Medium et Large. <\/p>\n<p>La seule diff\u00e9rence entre la chambre double \u00ab Small \u00bb et la chambre \u00e0 deux lits \u00ab Small \u00bb r\u00e9side pr\u00e9cis\u00e9ment dans la configuration des lits : m\u00eame taille, m\u00eame \u00e9quipement, m\u00eame prix. Dans les cat\u00e9gories \u00ab Medium \u00bb et \u00ab Large \u00bb, vous choisissez la formule sur simple demande. <\/p>\n<\/div>\n<\/div>\n<div class=\"mx-split mx-split--textbreit mx-split--eng\">\n<div class=\"mx-split__text\">\n<h2>Petit-d\u00e9jeuner et emplacement : pourquoi s\u00e9journer dans le 1er arrondissement ?<\/h2>\n<p>Le petit-d\u00e9jeuner est compris dans le prix de toutes les chambres \u2013 il propose des produits r\u00e9gionaux, des options bio et un choix de plats v\u00e9g\u00e9taliens. Pour en savoir plus, veuillez consulter notre <a href=\"https:\/\/www.karntnerhof.com\/fr\/?page_id=8560\">page consacr\u00e9e au petit-d\u00e9jeuner<\/a>. <\/p>\n<p>Situ\u00e9 dans une ruelle calme du 1er arrondissement, cet \u00e9tablissement vous permet de rejoindre la cath\u00e9drale Saint-\u00c9tienne, les mus\u00e9es, les caf\u00e9s et les rues commer\u00e7antes en quelques minutes \u00e0 pied, tout en dormant \u00e0 l&rsquo;\u00e9cart de l&rsquo;agitation. Tous les d\u00e9tails concernant <a href=\"https:\/\/www.karntnerhof.com\/fr\/position\/\">l&#8217;emplacement et l&rsquo;acc\u00e8s<\/a>. <\/p>\n<\/div>\n<figure class=\"mx-split__bild mx-split__bild--hoch\">\n<img loading=\"lazy\" decoding=\"async\" src=\"https:\/\/www.karntnerhof.com\/wp-content\/uploads\/2022\/03\/Main-Break_3.jpg\" width=\"715\" height=\"476\" alt=\"Salle de petit-d\u00e9jeuner avec des tables dress\u00e9es et une chemin\u00e9e \u00e0 l'h\u00f4tel K\u00e4rntnerhof\"><br \/>\n<\/figure>\n<\/div>\n<div class=\"mx-band mx-band--hell\">\n<div class=\"mx-mitte mx-mitte--breit\">\n<h2>Les quatre variantes en d\u00e9tail<\/h2>\n<ul class=\"mx-zimmer-karten mx-zimmer-karten--zwei\">\n<li class=\"mx-zimmer\">\n<div class=\"mx-zimmer__text\">\n<h3>Chambre double \u00ab Small \u00bb \u2013 compacte, id\u00e9ale pour les couples<\/h3>\n<p class=\"mx-zimmer__meta\">15 m\u00b2 \u00b7 1 lit double \u00b7 \u00e0 partir de 135 \u20ac<\/p>\n<p>D\u2019une superficie de 15 m\u00b2, la chambre double \u00ab Small \u00bb offre tout ce dont vous avez besoin pour un s\u00e9jour \u00e0 Vienne : un lit double confortable, un bureau, une salle de bains soign\u00e9e et le calme d\u2019un emplacement en centre-ville, \u00e0 l\u2019\u00e9cart de l\u2019agitation. Id\u00e9ale pour les couples qui souhaitent d\u00e9couvrir Vienne pendant la journ\u00e9e et appr\u00e9cient de retrouver un havre de paix raffin\u00e9 le soir venu. <\/p>\n<p class=\"mx-zimmer__link\"><b>Convient aux :<\/b> couples en court s\u00e9jour qui se d\u00e9placent beaucoup en ville<\/p>\n<\/div>\n<\/li>\n<li class=\"mx-zimmer\">\n<div class=\"mx-zimmer__text\">\n<h3>Chambre double \u00ab Small \u00bb \u2013 deux lits simples<\/h3>\n<p class=\"mx-zimmer__meta\">15 m\u00b2 \u00b7 2 lits simples s\u00e9par\u00e9s \u00b7 \u00e0 partir de 135 \u20ac<\/p>\n<p>Un voyage \u00e0 deux ne signifie pas n\u00e9cessairement que l\u2019on partage le m\u00eame lit. La chambre \u00e0 deux lits \u00ab Small \u00bb, d\u2019une superficie de 15 m\u00b2, dispose de deux lits simples s\u00e9par\u00e9s \u2013 dont la taille, l\u2019\u00e9quipement et la gamme de prix sont identiques \u00e0 ceux de la chambre double \u00ab Small \u00bb. Trouver une chambre \u00e0 deux lits \u00e0 Vienne, \u00e0 la fois \u00e9l\u00e9gamment am\u00e9nag\u00e9e et situ\u00e9e en centre-ville, ne doit donc pas n\u00e9cessairement \u00eatre un compromis.  <\/p>\n<p class=\"mx-zimmer__link\"><b>Convient pour :<\/b> les amis, les fr\u00e8res et s\u0153urs, les invit\u00e9s d&rsquo;affaires ou les voyageurs qui souhaitent dormir s\u00e9par\u00e9ment<\/p>\n<\/div>\n<\/li>\n<li class=\"mx-zimmer\">\n<div class=\"mx-zimmer__text\">\n<h3>Chambres doubles et \u00e0 deux lits \u00ab Medium \u00bb<\/h3>\n<p class=\"mx-zimmer__meta\">20 m\u00b2 \u00b7 lit double ou lits jumeaux \u00b7 \u00e0 partir de 165 \u20ac<\/p>\n<p>Cinq m\u00e8tres carr\u00e9s suppl\u00e9mentaires font une diff\u00e9rence notable. Avec ses 20 m\u00b2, la chambre double ou \u00e0 lits jumeaux \u00ab Medium \u00bb offre un espace agr\u00e9able aux couples qui appr\u00e9cient un peu plus de libert\u00e9 de mouvement \u2013 que ce soit pour des bagages suppl\u00e9mentaires, une arriv\u00e9e en toute d\u00e9contraction ou une matin\u00e9e tranquille avant le petit-d\u00e9jeuner. Dans cette cat\u00e9gorie \u00e9galement, vous avez le choix entre un lit double et des lits s\u00e9par\u00e9s ; la plupart des chambres de cette cat\u00e9gorie disposent en outre d\u2019un bureau.  <\/p>\n<p class=\"mx-zimmer__link\"><b>Convient aux :<\/b> couples \u00e0 la recherche de confort, ainsi qu&rsquo;<b>aux<\/b> amis ou <b>aux<\/b> voyageurs d&rsquo;affaires souhaitant dormir s\u00e9par\u00e9ment<\/p>\n<\/div>\n<\/li>\n<li class=\"mx-zimmer\">\n<div class=\"mx-zimmer__text\">\n<h3>Chambres doubles et \u00e0 deux lits \u00ab Large \u00bb<\/h3>\n<p class=\"mx-zimmer__meta\">25 m\u00b2 \u00b7 lit double ou lits jumeaux \u00b7 \u00e0 partir de 195 \u20ac<\/p>\n<p>Si vous souhaitez d\u00e9couvrir Vienne pendant plusieurs jours, optez de pr\u00e9f\u00e9rence pour la chambre double ou \u00e0 deux lits \u00ab Large \u00bb. Avec ses 25 m\u00b2, elle offre suffisamment d\u2019espace pour vous y installer confortablement : un coin salon pour lire, un bureau, de la place pour vos bagages \u2013 et, comme dans toutes les cat\u00e9gories, le choix entre un lit double et des lits jumeaux. Une chambre double au c\u0153ur de Vienne, o\u00f9 vous vous sentirez comme chez vous \u2013 dans le 1er arrondissement, \u00e0 quelques minutes de la Stephansplatz.  <\/p>\n<p class=\"mx-zimmer__link\"><b>Convient pour :<\/b> les s\u00e9jours de plusieurs nuits, les voyageurs ayant beaucoup de bagages, les couples ou les personnes dormant s\u00e9par\u00e9ment et soucieuses de leur confort<\/p>\n<\/div>\n<\/li>\n<\/ul>\n<h3>\u00c9quipement standard de toutes les chambres doubles et \u00e0 deux lits<\/h3>\n<dl class=\"mx-daten\">\n<dt>Climatisation et \u00e9quipements techniques<\/dt>\n<dd>Climatisation (saisonni\u00e8re), Wi-Fi gratuit, coffre-fort, t\u00e9l\u00e9vision \u00e0 \u00e9cran plat et t\u00e9l\u00e9phone<\/dd>\n<dt>Salle de bains<\/dt>\n<dd>Douche, s\u00e8che-cheveux et produits de soin La Bottega<\/dd>\n<dt>Bureau<\/dt>\n<dd>Dans les cat\u00e9gories \u00ab Small \u00bb et \u00ab Large \u00bb dans chaque chambre, dans la cat\u00e9gorie \u00ab Medium \u00bb dans la plupart des chambres<\/dd>\n<dt>Si\u00e8ges<\/dt>\n<dd>Disponible dans chaque chambre<\/dd>\n<dt>Confort de sommeil<\/dt>\n<dd>Rideaux occultants et linge de lit en coton biologique<\/dd>\n<\/dl>\n<p>Toutes les chambres portent la signature stylistique de l&rsquo;\u00e9tablissement : Art nouveau viennois, avec des tissus, des papiers peints et des d\u00e9tails soigneusement s\u00e9lectionn\u00e9s \u2013 une caract\u00e9ristique stylistique qui se retrouve dans l&rsquo;ensemble du K\u00e4rntnerhof.<\/p>\n<\/div>\n<\/div>\n<div class=\"mx-abschnitt\">\n<div class=\"mx-mitte\">\n<h2>Questions fr\u00e9quentes concernant les chambres doubles et les chambres \u00e0 deux lits<\/h2>\n<div class=\"mx-faq\">\n<details name=\"faq-doppelzimmer\">\n<summary>\n<h3>Quelle est la diff\u00e9rence entre une chambre double \u00ab Small \u00bb et une chambre \u00e0 deux lits \u00ab Small \u00bb \u00e0 l&rsquo;h\u00f4tel K\u00e4rntnerhof ?<\/h3>\n<\/summary>\n<div class=\"mx-faq__antwort\">\n<p>Ces deux types de chambres mesurent 15 m\u00b2 et sont propos\u00e9es \u00e0 partir de 135 \u20ac par nuit. La diff\u00e9rence r\u00e9side dans la configuration des lits : la chambre double \u00ab Small \u00bb dispose d&rsquo;un lit double, id\u00e9al pour les couples. La chambre \u00e0 deux lits \u00ab Small \u00bb dispose de deux lits simples s\u00e9par\u00e9s, adapt\u00e9s aux amis, aux fr\u00e8res et s\u0153urs ou aux voyageurs d&rsquo;affaires.  <\/p>\n<\/div>\n<\/details>\n<details name=\"faq-doppelzimmer\">\n<summary>\n<h3>Quelle chambre double situ\u00e9e dans le centre de Vienne est adapt\u00e9e aux s\u00e9jours de longue dur\u00e9e ?<\/h3>\n<\/summary>\n<div class=\"mx-faq__antwort\">\n<p>Pour les s\u00e9jours de plusieurs nuits, nous vous recommandons la chambre double ou \u00e0 deux lits \u00ab Large \u00bb de 25 m\u00b2 (\u00e0 partir de 195 \u20ac par nuit) \u2013 au choix avec un lit double ou deux lits s\u00e9par\u00e9s. Elle offre suffisamment d&rsquo;espace pour vos bagages et dispose d&rsquo;un coin salon \u2013 en plein c\u0153ur du 1er arrondissement. <\/p>\n<\/div>\n<\/details>\n<details name=\"faq-doppelzimmer\">\n<summary>\n<h3>Combien co\u00fbte une chambre double dans le 1er arrondissement de Vienne ?<\/h3>\n<\/summary>\n<div class=\"mx-faq__antwort\">\n<p>\u00c0 l&rsquo;h\u00f4tel K\u00e4rntnerhof, les chambres doubles sont propos\u00e9es \u00e0 partir de 135 \u20ac (Small), 165 \u20ac (Medium) et 195 \u20ac (Large) par nuit, petit-d\u00e9jeuner compris. Vous trouverez les tarifs actuels en fonction de vos dates de s\u00e9jour dans notre <a href=\"https:\/\/www.karntnerhof.com\/fr\/chambres-prix\/\">tableau des tarifs<\/a>. <\/p>\n<\/div>\n<\/details>\n<details name=\"faq-doppelzimmer\">\n<summary>\n<h3>Quel h\u00f4tel viennois propose des chambres avec deux lits simples s\u00e9par\u00e9s ?<\/h3>\n<\/summary>\n<div class=\"mx-faq__antwort\">\n<p>L&rsquo;h\u00f4tel K\u00e4rntnerhof propose des chambres \u00e9quip\u00e9es de deux lits simples s\u00e9par\u00e9s dans les trois cat\u00e9gories suivantes : la chambre \u00e0 deux lits \u00ab Small \u00bb (15 m\u00b2, \u00e0 partir de 135 \u20ac par nuit), ainsi que les cat\u00e9gories \u00ab Medium \u00bb (20 m\u00b2, \u00e0 partir de 165 \u20ac par nuit) et \u00ab Large \u00bb (25 m\u00b2, \u00e0 partir de 195 \u20ac par nuit), chacune pouvant \u00eatre \u00e9quip\u00e9e, sur demande, de lits s\u00e9par\u00e9s au lieu d\u2019un lit double. Un excellent choix pour les voyageurs qui souhaitent dormir avec style et s\u00e9par\u00e9ment dans le centre de Vienne. <\/p>\n<\/div>\n<\/details>\n<\/div>\n<h3>En savoir plus<\/h3>\n<p>Vous recherchez une autre cat\u00e9gorie de chambre ? Vous trouverez ici notre <a href=\"https:\/\/www.karntnerhof.com\/fr\/chambres-prix\/chambre-individuelle\/\">chambre simple<\/a> et notre <a href=\"https:\/\/www.karntnerhof.com\/fr\/chambres-prix\/chambre-a-trois-lits\/\">chambre triple<\/a>. Pour les occasions sp\u00e9ciales, nous vous proposons <a href=\"https:\/\/www.karntnerhof.com\/fr\/suites\/\">trois suites charg\u00e9es d&rsquo;histoire<\/a>.  <\/p>\n<\/div>\n<\/div>\n<div class=\"mx-band mx-band--primaer mx-cta-band\">\n<h2>R\u00e9servez directement \u2013 au meilleur prix<\/h2>\n<p>En r\u00e9servant directement sur notre site web, vous b\u00e9n\u00e9ficiez du meilleur tarif disponible (garantie du meilleur prix) et d&rsquo;un interlocuteur d\u00e9di\u00e9 pour r\u00e9pondre \u00e0 toutes vos demandes, du choix de la chambre \u00e0 l&rsquo;aide pour l&rsquo;achat de billets de concert et de th\u00e9\u00e2tre.<\/p>\n<p class=\"mx-cta\">\n<a class=\"w-btn us-btn-style_1\" target=\"_blank\" rel=\"nofollow\" href=\"https:\/\/www.simplebooking.it\/ibe\/search?hid=6896&#038;lang=DE\"><span class=\"w-btn-label\">R\u00e9servez directement cette chambre double<\/span><\/a><br \/>\n<a class=\"w-btn us-btn-style_1 mx-btn-sekundaer\" href=\"https:\/\/www.karntnerhof.com\/fr\/contact\/\"><span class=\"w-btn-label\">Nous contacter<\/span><\/a>\n<\/p>\n<\/div>\n","protected":false},"excerpt":{"rendered":"<p>Espace r\u00e9serv\u00e9 &#8211; Mot-cl\u00e9 principal : chambre double Vienne | URL cible : \/tarifs-des-chambres\/chambre-double\/<\/p>\n","protected":false},"author":1,"featured_media":0,"parent":796,"menu_order":0,"comment_status":"closed","ping_status":"closed","template":"","meta":{"om_disable_all_campaigns":false,"_monsterinsights_skip_tracking":false,"footnotes":""},"class_list":["post-10729","page","type-page","status-publish","hentry"],"aioseo_notices":[],"aioseo_head":"\n\t\t<!-- All in One SEO Pro 5.0.1.1 - aioseo.com -->\n\t<meta name=\"description\" content=\"Chambres doubles et chambres \u00e0 deux lits dans un h\u00f4tel-boutique viennois \u2014 de 15 \u00e0 25 m\u00b2, style Art nouveau viennois, \u00e0 partir de 135 \u20ac avec petit-d\u00e9jeuner. \u00c0 5 minutes de la cath\u00e9drale Saint-\u00c9tienne.\" \/>\n\t<meta name=\"robots\" content=\"max-image-preview:large\" \/>\n\t<meta name=\"google-site-verification\" content=\"Xstm7lMuMgcACwwIFsA7iSigDIrkT3sdO6rWfaaw8so\" \/>\n\t<link rel=\"canonical\" href=\"https:\/\/www.karntnerhof.com\/fr\/chambres-prix\/chambres-doubles-et-chambres-a-deux-lits\/\" \/>\n\t<meta name=\"generator\" content=\"All in One SEO Pro (AIOSEO) 5.0.1.1\" \/>\n\t\t<meta property=\"og:locale\" content=\"fr_FR\" \/>\n\t\t<meta property=\"og:site_name\" content=\"Hotel K\u00e4rntnerhof Vienna - Hotel in 1010 Wien, Boutique Hotel Wien\" \/>\n\t\t<meta property=\"og:type\" content=\"article\" \/>\n\t\t<meta property=\"og:title\" content=\"Chambre double \u00e0 l&#039;h\u00f4tel K\u00e4rntnerhof de Vienne \u2014 Petite\/Moyenne\/Grande\" \/>\n\t\t<meta property=\"og:description\" content=\"Chambres doubles et chambres \u00e0 deux lits dans un h\u00f4tel-boutique viennois \u2014 de 15 \u00e0 25 m\u00b2, style Art nouveau viennois, \u00e0 partir de 135 \u20ac avec petit-d\u00e9jeuner. \u00c0 5 minutes de la cath\u00e9drale Saint-\u00c9tienne.\" \/>\n\t\t<meta property=\"og:url\" content=\"https:\/\/www.karntnerhof.com\/fr\/chambres-prix\/chambres-doubles-et-chambres-a-deux-lits\/\" \/>\n\t\t<meta property=\"og:image\" content=\"https:\/\/www.karntnerhof.com\/wp-content\/uploads\/2022\/06\/Logo.png\" \/>\n\t\t<meta property=\"og:image:secure_url\" content=\"https:\/\/www.karntnerhof.com\/wp-content\/uploads\/2022\/06\/Logo.png\" \/>\n\t\t<meta property=\"og:image:width\" content=\"647\" \/>\n\t\t<meta property=\"og:image:height\" content=\"148\" \/>\n\t\t<meta property=\"article:published_time\" content=\"2026-08-20T20:22:08+00:00\" \/>\n\t\t<meta property=\"article:modified_time\" content=\"2026-09-01T18:29:26+00:00\" \/>\n\t\t<meta property=\"article:publisher\" content=\"https:\/\/www.facebook.com\/karntnerhof\" \/>\n\t\t<meta name=\"twitter:card\" content=\"summary\" \/>\n\t\t<meta name=\"twitter:site\" content=\"@Kaerntnerhof\" \/>\n\t\t<meta name=\"twitter:title\" content=\"Chambre double \u00e0 l&#039;h\u00f4tel K\u00e4rntnerhof de Vienne \u2014 Petite\/Moyenne\/Grande\" \/>\n\t\t<meta name=\"twitter:description\" content=\"Chambres doubles et chambres \u00e0 deux lits dans un h\u00f4tel-boutique viennois \u2014 de 15 \u00e0 25 m\u00b2, style Art nouveau viennois, \u00e0 partir de 135 \u20ac avec petit-d\u00e9jeuner. \u00c0 5 minutes de la cath\u00e9drale Saint-\u00c9tienne.\" \/>\n\t\t<meta name=\"twitter:creator\" content=\"@Kaerntnerhof\" \/>\n\t\t<meta name=\"twitter:image\" content=\"https:\/\/www.karntnerhof.com\/wp-content\/uploads\/2022\/06\/Logo.png\" \/>\n\t\t<script type=\"application\/ld+json\" class=\"aioseo-schema\">\n\t\t\t{\"@context\":\"https:\\\/\\\/schema.org\",\"@graph\":[{\"@type\":\"BreadcrumbList\",\"@id\":\"https:\\\/\\\/www.karntnerhof.com\\\/fr\\\/chambres-prix\\\/chambres-doubles-et-chambres-a-deux-lits\\\/#breadcrumblist\",\"itemListElement\":[{\"@type\":\"ListItem\",\"@id\":\"https:\\\/\\\/www.karntnerhof.com\\\/fr\\\/#listItem\",\"position\":1,\"name\":\"Home\",\"item\":\"https:\\\/\\\/www.karntnerhof.com\\\/fr\\\/\",\"nextItem\":{\"@type\":\"ListItem\",\"@id\":\"https:\\\/\\\/www.karntnerhof.com\\\/fr\\\/chambres-prix\\\/#listItem\",\"name\":\"Chambres &#038; Tarifs\"}},{\"@type\":\"ListItem\",\"@id\":\"https:\\\/\\\/www.karntnerhof.com\\\/fr\\\/chambres-prix\\\/#listItem\",\"position\":2,\"name\":\"Chambres &#038; Tarifs\",\"item\":\"https:\\\/\\\/www.karntnerhof.com\\\/fr\\\/chambres-prix\\\/\",\"nextItem\":{\"@type\":\"ListItem\",\"@id\":\"https:\\\/\\\/www.karntnerhof.com\\\/fr\\\/chambres-prix\\\/chambres-doubles-et-chambres-a-deux-lits\\\/#listItem\",\"name\":\"Chambres doubles et chambres \\u00e0 deux lits\"},\"previousItem\":{\"@type\":\"ListItem\",\"@id\":\"https:\\\/\\\/www.karntnerhof.com\\\/fr\\\/#listItem\",\"name\":\"Home\"}},{\"@type\":\"ListItem\",\"@id\":\"https:\\\/\\\/www.karntnerhof.com\\\/fr\\\/chambres-prix\\\/chambres-doubles-et-chambres-a-deux-lits\\\/#listItem\",\"position\":3,\"name\":\"Chambres doubles et chambres \\u00e0 deux lits\",\"previousItem\":{\"@type\":\"ListItem\",\"@id\":\"https:\\\/\\\/www.karntnerhof.com\\\/fr\\\/chambres-prix\\\/#listItem\",\"name\":\"Chambres &#038; Tarifs\"}}]},{\"@type\":\"Organization\",\"@id\":\"https:\\\/\\\/www.karntnerhof.com\\\/fr\\\/#organization\",\"name\":\"Hotel K\\u00e4rntnerhof Vienna\",\"description\":\"Hotel in 1010 Wien, Boutique Hotel Wien\",\"url\":\"https:\\\/\\\/www.karntnerhof.com\\\/fr\\\/\",\"telephone\":\"+4315121923\",\"logo\":{\"@type\":\"ImageObject\",\"url\":\"https:\\\/\\\/www.karntnerhof.com\\\/wp-content\\\/uploads\\\/2022\\\/06\\\/Logo.png\",\"@id\":\"https:\\\/\\\/www.karntnerhof.com\\\/fr\\\/chambres-prix\\\/chambres-doubles-et-chambres-a-deux-lits\\\/#organizationLogo\",\"width\":647,\"height\":148,\"caption\":\"Das individuelle Boutique Hotel Wien K\\u00e4rntnerhof nur drei Gehminuten vom Stephansdom entfernt.\"},\"image\":{\"@id\":\"https:\\\/\\\/www.karntnerhof.com\\\/fr\\\/chambres-prix\\\/chambres-doubles-et-chambres-a-deux-lits\\\/#organizationLogo\"},\"sameAs\":[\"https:\\\/\\\/www.facebook.com\\\/karntnerhof\",\"https:\\\/\\\/twitter.com\\\/Kaerntnerhof\",\"https:\\\/\\\/www.instagram.com\\\/hotelkarntnerhofvienna\\\/\"]},{\"@type\":\"WebPage\",\"@id\":\"https:\\\/\\\/www.karntnerhof.com\\\/fr\\\/chambres-prix\\\/chambres-doubles-et-chambres-a-deux-lits\\\/#webpage\",\"url\":\"https:\\\/\\\/www.karntnerhof.com\\\/fr\\\/chambres-prix\\\/chambres-doubles-et-chambres-a-deux-lits\\\/\",\"name\":\"Chambre double \\u00e0 l'h\\u00f4tel K\\u00e4rntnerhof de Vienne \\u2014 Petite\\\/Moyenne\\\/Grande\",\"description\":\"Chambres doubles et chambres \\u00e0 deux lits dans un h\\u00f4tel-boutique viennois \\u2014 de 15 \\u00e0 25 m\\u00b2, style Art nouveau viennois, \\u00e0 partir de 135 \\u20ac avec petit-d\\u00e9jeuner. \\u00c0 5 minutes de la cath\\u00e9drale Saint-\\u00c9tienne.\",\"inLanguage\":\"fr-FR\",\"isPartOf\":{\"@id\":\"https:\\\/\\\/www.karntnerhof.com\\\/fr\\\/#website\"},\"breadcrumb\":{\"@id\":\"https:\\\/\\\/www.karntnerhof.com\\\/fr\\\/chambres-prix\\\/chambres-doubles-et-chambres-a-deux-lits\\\/#breadcrumblist\"},\"datePublished\":\"2026-08-20T22:22:08+02:00\",\"dateModified\":\"2026-09-01T20:29:26+02:00\"},{\"@type\":\"WebSite\",\"@id\":\"https:\\\/\\\/www.karntnerhof.com\\\/fr\\\/#website\",\"url\":\"https:\\\/\\\/www.karntnerhof.com\\\/fr\\\/\",\"name\":\"Hotel K\\u00e4rntnerhof Vienna\",\"description\":\"Hotel in 1010 Wien, Boutique Hotel Wien\",\"inLanguage\":\"fr-FR\",\"publisher\":{\"@id\":\"https:\\\/\\\/www.karntnerhof.com\\\/fr\\\/#organization\"}}]}\n\t\t<\/script>\n\t\t<!-- All in One SEO Pro -->\r\n\t\t<title>Chambre double \u00e0 l'h\u00f4tel K\u00e4rntnerhof de Vienne \u2014 Petite\/Moyenne\/Grande<\/title>\n\n","aioseo_head_json":{"title":"Chambre double \u00e0 l'h\u00f4tel K\u00e4rntnerhof de Vienne \u2014 Petite\/Moyenne\/Grande","description":"Chambres doubles et chambres \u00e0 deux lits dans un h\u00f4tel-boutique viennois \u2014 de 15 \u00e0 25 m\u00b2, style Art nouveau viennois, \u00e0 partir de 135 \u20ac avec petit-d\u00e9jeuner. \u00c0 5 minutes de la cath\u00e9drale Saint-\u00c9tienne.","canonical_url":"https:\/\/www.karntnerhof.com\/fr\/chambres-prix\/chambres-doubles-et-chambres-a-deux-lits\/","robots":"max-image-preview:large","keywords":"","webmasterTools":{"google-site-verification":"Xstm7lMuMgcACwwIFsA7iSigDIrkT3sdO6rWfaaw8so","miscellaneous":""},"schema":{"@context":"https:\/\/schema.org","@graph":[{"@type":"BreadcrumbList","@id":"https:\/\/www.karntnerhof.com\/fr\/chambres-prix\/chambres-doubles-et-chambres-a-deux-lits\/#breadcrumblist","itemListElement":[{"@type":"ListItem","@id":"https:\/\/www.karntnerhof.com\/fr\/#listItem","position":1,"name":"Home","item":"https:\/\/www.karntnerhof.com\/fr\/","nextItem":{"@type":"ListItem","@id":"https:\/\/www.karntnerhof.com\/fr\/chambres-prix\/#listItem","name":"Chambres &#038; Tarifs"}},{"@type":"ListItem","@id":"https:\/\/www.karntnerhof.com\/fr\/chambres-prix\/#listItem","position":2,"name":"Chambres &#038; Tarifs","item":"https:\/\/www.karntnerhof.com\/fr\/chambres-prix\/","nextItem":{"@type":"ListItem","@id":"https:\/\/www.karntnerhof.com\/fr\/chambres-prix\/chambres-doubles-et-chambres-a-deux-lits\/#listItem","name":"Chambres doubles et chambres \u00e0 deux lits"},"previousItem":{"@type":"ListItem","@id":"https:\/\/www.karntnerhof.com\/fr\/#listItem","name":"Home"}},{"@type":"ListItem","@id":"https:\/\/www.karntnerhof.com\/fr\/chambres-prix\/chambres-doubles-et-chambres-a-deux-lits\/#listItem","position":3,"name":"Chambres doubles et chambres \u00e0 deux lits","previousItem":{"@type":"ListItem","@id":"https:\/\/www.karntnerhof.com\/fr\/chambres-prix\/#listItem","name":"Chambres &#038; Tarifs"}}]},{"@type":"Organization","@id":"https:\/\/www.karntnerhof.com\/fr\/#organization","name":"Hotel K\u00e4rntnerhof Vienna","description":"Hotel in 1010 Wien, Boutique Hotel Wien","url":"https:\/\/www.karntnerhof.com\/fr\/","telephone":"+4315121923","logo":{"@type":"ImageObject","url":"https:\/\/www.karntnerhof.com\/wp-content\/uploads\/2022\/06\/Logo.png","@id":"https:\/\/www.karntnerhof.com\/fr\/chambres-prix\/chambres-doubles-et-chambres-a-deux-lits\/#organizationLogo","width":647,"height":148,"caption":"Das individuelle Boutique Hotel Wien K\u00e4rntnerhof nur drei Gehminuten vom Stephansdom entfernt."},"image":{"@id":"https:\/\/www.karntnerhof.com\/fr\/chambres-prix\/chambres-doubles-et-chambres-a-deux-lits\/#organizationLogo"},"sameAs":["https:\/\/www.facebook.com\/karntnerhof","https:\/\/twitter.com\/Kaerntnerhof","https:\/\/www.instagram.com\/hotelkarntnerhofvienna\/"]},{"@type":"WebPage","@id":"https:\/\/www.karntnerhof.com\/fr\/chambres-prix\/chambres-doubles-et-chambres-a-deux-lits\/#webpage","url":"https:\/\/www.karntnerhof.com\/fr\/chambres-prix\/chambres-doubles-et-chambres-a-deux-lits\/","name":"Chambre double \u00e0 l'h\u00f4tel K\u00e4rntnerhof de Vienne \u2014 Petite\/Moyenne\/Grande","description":"Chambres doubles et chambres \u00e0 deux lits dans un h\u00f4tel-boutique viennois \u2014 de 15 \u00e0 25 m\u00b2, style Art nouveau viennois, \u00e0 partir de 135 \u20ac avec petit-d\u00e9jeuner. \u00c0 5 minutes de la cath\u00e9drale Saint-\u00c9tienne.","inLanguage":"fr-FR","isPartOf":{"@id":"https:\/\/www.karntnerhof.com\/fr\/#website"},"breadcrumb":{"@id":"https:\/\/www.karntnerhof.com\/fr\/chambres-prix\/chambres-doubles-et-chambres-a-deux-lits\/#breadcrumblist"},"datePublished":"2026-08-20T22:22:08+02:00","dateModified":"2026-09-01T20:29:26+02:00"},{"@type":"WebSite","@id":"https:\/\/www.karntnerhof.com\/fr\/#website","url":"https:\/\/www.karntnerhof.com\/fr\/","name":"Hotel K\u00e4rntnerhof Vienna","description":"Hotel in 1010 Wien, Boutique Hotel Wien","inLanguage":"fr-FR","publisher":{"@id":"https:\/\/www.karntnerhof.com\/fr\/#organization"}}]},"og:locale":"fr_FR","og:site_name":"Hotel K\u00e4rntnerhof Vienna - Hotel in 1010 Wien, Boutique Hotel Wien","og:type":"article","og:title":"Chambre double \u00e0 l'h\u00f4tel K\u00e4rntnerhof de Vienne \u2014 Petite\/Moyenne\/Grande","og:description":"Chambres doubles et chambres \u00e0 deux lits dans un h\u00f4tel-boutique viennois \u2014 de 15 \u00e0 25 m\u00b2, style Art nouveau viennois, \u00e0 partir de 135 \u20ac avec petit-d\u00e9jeuner. \u00c0 5 minutes de la cath\u00e9drale Saint-\u00c9tienne.","og:url":"https:\/\/www.karntnerhof.com\/fr\/chambres-prix\/chambres-doubles-et-chambres-a-deux-lits\/","og:image":"https:\/\/www.karntnerhof.com\/wp-content\/uploads\/2022\/06\/Logo.png","og:image:secure_url":"https:\/\/www.karntnerhof.com\/wp-content\/uploads\/2022\/06\/Logo.png","og:image:width":647,"og:image:height":148,"article:published_time":"2026-08-20T20:22:08+00:00","article:modified_time":"2026-09-01T18:29:26+00:00","article:publisher":"https:\/\/www.facebook.com\/karntnerhof","twitter:card":"summary","twitter:site":"@Kaerntnerhof","twitter:title":"Chambre double \u00e0 l'h\u00f4tel K\u00e4rntnerhof de Vienne \u2014 Petite\/Moyenne\/Grande","twitter:description":"Chambres doubles et chambres \u00e0 deux lits dans un h\u00f4tel-boutique viennois \u2014 de 15 \u00e0 25 m\u00b2, style Art nouveau viennois, \u00e0 partir de 135 \u20ac avec petit-d\u00e9jeuner. \u00c0 5 minutes de la cath\u00e9drale Saint-\u00c9tienne.","twitter:creator":"@Kaerntnerhof","twitter:image":"https:\/\/www.karntnerhof.com\/wp-content\/uploads\/2022\/06\/Logo.png"},"aioseo_meta_data":{"post_id":"10729","title":"Chambre double \u00e0 l'h\u00f4tel K\u00e4rntnerhof de Vienne \u2014 Petite\/Moyenne\/Grande","description":"Chambres doubles et chambres \u00e0 deux lits dans un h\u00f4tel-boutique viennois \u2014 de 15 \u00e0 25 m\u00b2, style Art nouveau viennois, \u00e0 partir de 135 \u20ac avec petit-d\u00e9jeuner. \u00c0 5 minutes de la cath\u00e9drale Saint-\u00c9tienne. ","keywords":null,"keyphrases":{"focus":{"keyphrase":"","score":0,"analysis":{"keyphraseInTitle":{"score":0,"maxScore":9,"error":1}}},"additional":[]},"primary_term":null,"canonical_url":null,"og_title":null,"og_description":null,"og_object_type":"default","og_image_type":"default","og_image_url":null,"og_image_width":null,"og_image_height":null,"og_image_custom_url":null,"og_image_custom_fields":null,"og_video":"","og_custom_url":null,"og_article_section":null,"og_article_tags":null,"twitter_use_og":false,"twitter_card":"default","twitter_image_type":"default","twitter_image_url":null,"twitter_image_custom_url":null,"twitter_image_custom_fields":null,"twitter_title":null,"twitter_description":null,"schema":{"blockGraphs":[],"customGraphs":[],"default":{"data":{"Article":[],"Course":[],"Dataset":[],"FAQPage":[],"Movie":[],"Person":[],"Product":[],"ProductReview":[],"Car":[],"Recipe":[],"Service":[],"SoftwareApplication":[],"WebPage":[]},"graphName":"WebPage","isEnabled":true},"graphs":[]},"schema_type":"default","schema_type_options":null,"pillar_content":false,"robots_default":true,"robots_noindex":false,"robots_noarchive":false,"robots_nosnippet":false,"robots_nofollow":false,"robots_noimageindex":false,"robots_noodp":false,"robots_notranslate":false,"robots_max_snippet":"-1","robots_max_videopreview":"-1","robots_max_imagepreview":"large","priority":0,"frequency":"default","local_seo":null,"seo_analyzer_scan_date":"2026-09-01 18:43:21","breadcrumb_settings":null,"limit_modified_date":false,"reviewed_by":"0","open_ai":null,"ai":{"faqs":[],"keyPoints":[],"schemas":[],"titles":[],"descriptions":[],"socialPosts":{"email":{"subject":"","preview":"","content":""},"linkedin":[],"twitter":[],"facebook":[],"instagram":[]}},"created":"2026-08-20 20:22:47","updated":"2026-09-01 19:22:47","focus_keyword":null,"additional_keywords":null,"truseo_locale":null},"aioseo_breadcrumb":"<div class=\"aioseo-breadcrumbs\"><span class=\"aioseo-breadcrumb\">\n\t<a href=\"https:\/\/www.karntnerhof.com\/fr\/\" title=\"Home\">Home<\/a>\n<\/span><span class=\"aioseo-breadcrumb-separator\">&raquo;<\/span><span class=\"aioseo-breadcrumb\">\n\t<a href=\"https:\/\/www.karntnerhof.com\/fr\/chambres-prix\/\" title=\"Chambres &amp; Tarifs\">Chambres &amp; Tarifs<\/a>\n<\/span><span class=\"aioseo-breadcrumb-separator\">&raquo;<\/span><span class=\"aioseo-breadcrumb\">\n\tChambres doubles et chambres \u00e0 deux lits\n<\/span><\/div>","aioseo_breadcrumb_json":[{"label":"Home","link":"https:\/\/www.karntnerhof.com\/fr\/"},{"label":"Chambres &#038; Tarifs","link":"https:\/\/www.karntnerhof.com\/fr\/chambres-prix\/"},{"label":"Chambres doubles et chambres \u00e0 deux lits","link":"https:\/\/www.karntnerhof.com\/fr\/chambres-prix\/chambres-doubles-et-chambres-a-deux-lits\/"}],"_links":{"self":[{"href":"https:\/\/www.karntnerhof.com\/fr\/wp-json\/wp\/v2\/pages\/10729","targetHints":{"allow":["GET"]}}],"collection":[{"href":"https:\/\/www.karntnerhof.com\/fr\/wp-json\/wp\/v2\/pages"}],"about":[{"href":"https:\/\/www.karntnerhof.com\/fr\/wp-json\/wp\/v2\/types\/page"}],"author":[{"embeddable":true,"href":"https:\/\/www.karntnerhof.com\/fr\/wp-json\/wp\/v2\/users\/1"}],"replies":[{"embeddable":true,"href":"https:\/\/www.karntnerhof.com\/fr\/wp-json\/wp\/v2\/comments?post=10729"}],"version-history":[{"count":5,"href":"https:\/\/www.karntnerhof.com\/fr\/wp-json\/wp\/v2\/pages\/10729\/revisions"}],"predecessor-version":[{"id":13332,"href":"https:\/\/www.karntnerhof.com\/fr\/wp-json\/wp\/v2\/pages\/10729\/revisions\/13332"}],"up":[{"embeddable":true,"href":"https:\/\/www.karntnerhof.com\/fr\/wp-json\/wp\/v2\/pages\/796"}],"wp:attachment":[{"href":"https:\/\/www.karntnerhof.com\/fr\/wp-json\/wp\/v2\/media?parent=10729"}],"curies":[{"name":"wp","href":"https:\/\/api.w.org\/{rel}","templated":true}]}}