{"id":10711,"date":"2026-08-20T22:19:49","date_gmt":"2026-08-20T20:19:49","guid":{"rendered":"https:\/\/www.karntnerhof.com\/suites\/suite-dom\/"},"modified":"2026-09-01T19:24:01","modified_gmt":"2026-09-01T17:24:01","slug":"suite-dom","status":"publish","type":"page","link":"https:\/\/www.karntnerhof.com\/fr\/suites\/suite-dom\/","title":{"rendered":"Suite Dom"},"content":{"rendered":"<div class=\"mx-hero\">\n<div class=\"mx-hero__text\">\n<h1>Dom Suite Hotel K\u00e4rntnerhof \u2013 Suite avec vue garantie sur la cath\u00e9drale Saint-\u00c9tienne<\/h1>\n<p class=\"mx-hero__lead\">La suite \u00ab Dom \u00bb de l\u2019h\u00f4tel K\u00e4rntnerhof offre ce qui est rare \u00e0 Vienne : une vue garantie sur la cath\u00e9drale Saint-\u00c9tienne, directement depuis la fen\u00eatre. D&rsquo;une superficie de 43 m\u00b2 et compos\u00e9e de deux pi\u00e8ces, cette suite avec vue sur la cath\u00e9drale allie l&rsquo;atmosph\u00e8re viennoise et l&rsquo;Art nouveau viennois pour offrir un havre de paix pouvant accueillir jusqu&rsquo;\u00e0 quatre personnes, \u00e0 partir de 285 \u20ac par nuit. <\/p>\n<p class=\"mx-hero__cta\">\n<a class=\"w-btn us-btn-style_1\" target=\"_blank\" rel=\"nofollow\" href=\"https:\/\/www.simplebooking.it\/ibe\/search?hid=6896&#038;lang=DE\"><span class=\"w-btn-label\">Demander des informations sur cette suite ou la r\u00e9server<\/span><\/a><br \/>\n<a class=\"w-btn us-btn-style_1 mx-btn-sekundaer\" href=\"https:\/\/www.karntnerhof.com\/fr\/suites\/\"><span class=\"w-btn-label\">Les trois suites<\/span><\/a>\n<\/p>\n<\/div>\n<figure class=\"mx-hero__bild\">\n<img loading=\"lazy\" decoding=\"async\" src=\"https:\/\/www.karntnerhof.com\/wp-content\/uploads\/2022\/03\/Zimmer-8-2.jpg\" width=\"800\" height=\"800\" alt=\"Vue depuis la fen\u00eatre de la suite \u00ab Dom \u00bb sur les toits du centre-ville de Vienne\"><br \/>\n<\/figure>\n<\/div>\n<div class=\"mx-fakten\">\n<div><b>43 m\u00b2<\/b><span>deux pi\u00e8ces<\/span><\/div>\n<div><b>jusqu&rsquo;\u00e0 4<\/b><span>personnes<\/span><\/div>\n<div><b>\u00e0 partir de 285 \u20ac.<\/b><span>petit-d\u00e9jeuner compris <\/span><\/div>\n<div><b>Vue sur la cath\u00e9drale<\/b><span>depuis la fen\u00eatre<\/span><\/div>\n<\/div>\n<div class=\"mx-band mx-band--weiss\">\n<div class=\"mx-mitte mx-mitte--breit\">\n<h2>Aper\u00e7u rapide : votre suite Dom dans le 1er arrondissement<\/h2>\n<p>L&rsquo;h\u00f4tel b\u00e9n\u00e9ficie d&rsquo;un emplacement calme dans une ruelle du 1er arrondissement, \u00e0 quelques minutes \u00e0 pied de la Stephansplatz : une situation centrale tout en \u00e9tant \u00e0 l&rsquo;abri de l&rsquo;agitation de la ville.<\/p>\n<dl class=\"mx-daten\">\n<dt>Superficie<\/dt>\n<dd>environ 43 m\u00b2, deux pi\u00e8ces<\/dd>\n<dt>Capacit\u00e9 d&rsquo;accueil<\/dt>\n<dd>jusqu&rsquo;\u00e0 4 personnes<\/dd>\n<dt>Prix<\/dt>\n<dd>\u00e0 partir de 285 \u20ac par nuit, petit-d\u00e9jeuner compris <\/dd>\n<dt>Particularit\u00e9<\/dt>\n<dd>Vue sur la cath\u00e9drale Saint-\u00c9tienne<\/dd>\n<dt>Style<\/dt>\n<dd>Art nouveau viennois, d\u00e9tails soign\u00e9s<\/dd>\n<dt>Couchage suppl\u00e9mentaire<\/dt>\n<dd>Canap\u00e9-lit dans le salon (nous ne proposons pas de lits d\u2019appoint)<\/dd>\n<dt>Situation<\/dt>\n<dd>1er arrondissement, ruelle calme, \u00e0 quelques minutes \u00e0 pied de la Stephansplatz<\/dd>\n<\/dl>\n<\/div>\n<\/div>\n<div class=\"mx-band mx-band--dunkel\">\n<div class=\"mx-mitte\">\n<h2>Une vue rare \u00e0 Vienne : l&rsquo;axe visuel menant \u00e0 la cath\u00e9drale Saint-\u00c9tienne<\/h2>\n<p>Si vous recherchez un h\u00f4tel dans le 1er arrondissement offrant une vue sur la cath\u00e9drale Saint-\u00c9tienne, vous vous en rendrez vite compte : la densit\u00e9 des b\u00e2timents historiques autour de la cath\u00e9drale fait que les perspectives d\u00e9gag\u00e9es sont rares. Les ruelles \u00e9troites et les hautes fa\u00e7ades masquent l\u2019embl\u00e8me de Vienne depuis la plupart des fen\u00eatres. <\/p>\n<p>La suite \u00ab Dom \u00bb du K\u00e4rntnerhof est unique en son genre : d&rsquo;ici, la vue s&rsquo;ouvre v\u00e9ritablement sur la cath\u00e9drale Saint-\u00c9tienne, aussi bien \u00e0 la lumi\u00e8re du jour que dans la lumi\u00e8re du soir.<\/p>\n<\/div>\n<\/div>\n<div class=\"mx-split mx-split--textbreit mx-split--eng\">\n<div class=\"mx-split__text\">\n<h2>Am\u00e9nagement et sensation d&rsquo;espace (43 m\u00b2, deux pi\u00e8ces)<\/h2>\n<p>La suite Dom offre une superficie g\u00e9n\u00e9reuse de 43 m\u00b2 r\u00e9partis sur deux pi\u00e8ces : suffisamment d\u2019espace non seulement pour visiter Vienne, mais aussi pour vous y sentir chez vous. Dans la chambre, un lit double confortable ; dans le salon, un canap\u00e9-lit pouvant accueillir jusqu\u2019\u00e0 deux personnes suppl\u00e9mentaires ; sans oublier un coin salon pr\u00e8s de la fen\u00eatre avec vue sur la cath\u00e9drale Saint-\u00c9tienne et une salle de bains privative : la suite est clairement agenc\u00e9e en espaces distincts d\u00e9di\u00e9s au sommeil, \u00e0 la vie quotidienne et aux soins personnels. <\/p>\n<p>Le salon et le coin salon sont orient\u00e9s vers la vue : depuis la place pr\u00e8s de la fen\u00eatre, la cath\u00e9drale Saint-\u00c9tienne reste visible tout au long de la journ\u00e9e \u2013 un endroit o\u00f9 l&rsquo;on prend son caf\u00e9 le matin et o\u00f9 l&rsquo;on termine la journ\u00e9e le soir. La chambre, \u00e9quip\u00e9e d\u2019un lit double, est con\u00e7ue pour le repos ; le linge de lit en coton biologique et les rideaux occultants garantissent un sommeil r\u00e9parateur en plein c\u0153ur de la ville. La salle de bains privative est \u00e9quip\u00e9e d\u2019une douche, d\u2019un s\u00e8che-cheveux et de produits de soin de la marque La Bottega.  <\/p>\n<p>Le style : Art nouveau viennois aux d\u00e9tails soigneusement s\u00e9lectionn\u00e9s \u2013 des tissus aux papiers peints, en passant par une palette de couleurs choisie avec soin. Le caract\u00e8re \u00ab boutique \u00bb de l&rsquo;\u00e9tablissement s&rsquo;y r\u00e9v\u00e8le de mani\u00e8re tout \u00e0 fait particuli\u00e8re. La climatisation (disponible en saison), le Wi-Fi gratuit, une t\u00e9l\u00e9vision \u00e0 \u00e9cran plat et un coffre-fort personnel font \u00e9galement partie de l\u2019\u00e9quipement. Une suite romantique au centre de Vienne, alliant style et authenticit\u00e9.   <\/p>\n<\/div>\n<figure class=\"mx-split__bild mx-split__bild--hoch\">\n<img loading=\"lazy\" decoding=\"async\" src=\"https:\/\/www.karntnerhof.com\/wp-content\/uploads\/2022\/03\/Hotel-Kaerntnerhof-Galerie_17.jpeg\" width=\"600\" height=\"600\" alt=\"Espace de vie avec coin salon et lumi\u00e8re naturelle dans une suite de l'h\u00f4tel K\u00e4rntnerhof\"><br \/>\n<\/figure>\n<\/div>\n<div class=\"mx-band mx-band--hell\">\n<div class=\"mx-mitte mx-mitte--breit\">\n<h2>Dormir paisiblement en plein c\u0153ur du 1er arrondissement<\/h2>\n<p>Aussi centrale que soit son emplacement, la Dom Suite vous garantit un sommeil paisible. Le K\u00e4rntnerhof est situ\u00e9 dans une ruelle sans circulation de transit : pas de bruit de la rue, pas d\u2019agitation nocturne sous vos fen\u00eatres. Vous \u00eates \u00e0 quelques minutes \u00e0 pied de la Stephansplatz, tout en retrouvant un havre de paix \u00e0 l&rsquo;abri de l&rsquo;agitation. Cette combinaison entre proximit\u00e9 du centre-ville et tranquillit\u00e9 nocturne est un atout en soi, en particulier pour un s\u00e9jour en couple ou en famille.   <\/p>\n<h2>Pour les moments romantiques, les lunes de miel et les occasions sp\u00e9ciales<\/h2>\n<blockquote class=\"mx-zitat\">\n<p>Imaginez : vous arrivez dans l&rsquo;apr\u00e8s-midi, vous posez votre sac \u2013 et devant la fen\u00eatre se dresse la cath\u00e9drale Saint-\u00c9tienne, baign\u00e9e d&rsquo;une lumi\u00e8re chaude. Le soir, vous \u00eates assis dans le coin salon, un verre de vin \u00e0 la main, tandis que la fl\u00e8che de la cath\u00e9drale se d\u00e9tache sur le ciel nocturne. Le matin, c&rsquo;est la lumi\u00e8re qui se refl\u00e8te sur les toits de la ville int\u00e9rieure qui vous r\u00e9veille.  <\/p>\n<\/blockquote>\n<p>La suite Dom est particuli\u00e8rement adapt\u00e9e aux lunes de miel, aux anniversaires de mariage ou aux anniversaires \u2013 pour des moments qui m\u00e9ritent un cadre d&rsquo;exception. Que vous passiez votre anniversaire de mariage \u00e0 Vienne ou que vous f\u00eatiez un jubil\u00e9, vous trouverez ici le cadre id\u00e9al : de la place pour deux, une vue que vous n\u2019oublierez pas de sit\u00f4t et l\u2019accueil personnalis\u00e9 d\u2019un \u00e9tablissement \u00e0 gestion priv\u00e9e. Pr\u00e9venez-nous \u00e0 l&rsquo;avance si vous c\u00e9l\u00e9brez un \u00e9v\u00e9nement particulier : nous serons ravis de vous aider \u00e0 l&rsquo;organiser. Situ\u00e9e en plein centre tout en \u00e9tant au calme : une ambiance viennoise qui restera grav\u00e9e dans votre m\u00e9moire.   <\/p>\n<div class=\"mx-hinweis\">\n<p><b>Un moment viennois le matin : \u00e9couter la Pummerin.<\/b>  Lors d\u2019occasions sp\u00e9ciales \u2013 comme le r\u00e9veillon du Nouvel An ou les grandes f\u00eates religieuses \u2013, la Pummerin, la cloche la plus c\u00e9l\u00e8bre d\u2019Autriche, r\u00e9sonne depuis la cath\u00e9drale Saint-\u00c9tienne. \u00c0 proximit\u00e9 de la cath\u00e9drale, on peut entendre sa sonorit\u00e9 grave. Un d\u00e9tail que l\u2019on ne peut pas pr\u00e9voir, mais qui peut rendre un s\u00e9jour dans la suite \u00ab Dom \u00bb inoubliable.  <\/p>\n<\/div>\n<\/div>\n<\/div>\n<div class=\"mx-abschnitt\">\n<div class=\"mx-mitte\">\n<h2>FAQ sur la suite \u00ab Dom \u00bb avec vue sur la cath\u00e9drale Saint-\u00c9tienne<\/h2>\n<div class=\"mx-faq\">\n<details name=\"faq-dom-suite\">\n<summary>\n<h3>Quel h\u00f4tel \u00e0 Vienne dispose d&rsquo;une suite avec vue sur la cath\u00e9drale Saint-\u00c9tienne ?<\/h3>\n<\/summary>\n<div class=\"mx-faq__antwort\">\n<p>Les suites offrant une vue garantie sur la cath\u00e9drale Saint-\u00c9tienne sont une raret\u00e9 \u00e0 Vienne : la densit\u00e9 des constructions dans le 1er arrondissement ne laisse que peu d\u2019axes visuels d\u00e9gag\u00e9s. La suite \u00ab Dom \u00bb de l\u2019h\u00f4tel K\u00e4rntnerhof, d\u2019une superficie de 43 m\u00b2 et compos\u00e9e de deux pi\u00e8ces, offre justement cette vue depuis la fen\u00eatre. Id\u00e9ale pour des s\u00e9jours romantiques \u00e0 Vienne, des lunes de miel et des occasions sp\u00e9ciales.  <\/p>\n<\/div>\n<\/details>\n<details name=\"faq-dom-suite\">\n<summary>\n<h3>Combien co\u00fbte une suite avec vue sur la cath\u00e9drale Saint-\u00c9tienne \u00e0 Vienne ?<\/h3>\n<\/summary>\n<div class=\"mx-faq__antwort\">\n<p>Les suites offrant une vue sur la cath\u00e9drale Saint-\u00c9tienne dans le 1er arrondissement se situent souvent dans le segment haut de gamme. La suite \u00ab Dom \u00bb de l&rsquo;h\u00f4tel K\u00e4rntnerhof est propos\u00e9e \u00e0 partir de 285 \u20ac par nuit, petit-d\u00e9jeuner compris, avec des produits r\u00e9gionaux et bio. Le prix exact varie en fonction de la date et de la saison.  <\/p>\n<\/div>\n<\/details>\n<details name=\"faq-dom-suite\">\n<summary>\n<h3>Pour combien de personnes la suite Dom est-elle pr\u00e9vue ?<\/h3>\n<\/summary>\n<div class=\"mx-faq__antwort\">\n<p>La suite Dom, d&rsquo;une superficie de 43 m\u00b2 et compos\u00e9e de deux pi\u00e8ces, peut accueillir jusqu&rsquo;\u00e0 quatre personnes : la chambre dispose d&rsquo;un lit double et le salon d&rsquo;un canap\u00e9-lit. Id\u00e9ale pour un s\u00e9jour romantique \u00e0 deux ou pour une petite famille. <\/p>\n<\/div>\n<\/details>\n<\/div>\n<h3>En savoir plus<\/h3>\n<p>D\u00e9couvrez \u00e9galement les <a href=\"https:\/\/www.karntnerhof.com\/fr\/suites\/\">autres suites<\/a> de l&rsquo;\u00e9tablissement ou apprenez-en davantage sur <a href=\"https:\/\/www.karntnerhof.com\/fr\/position\/\">notre emplacement dans le 1er arrondissement<\/a>.<\/p>\n<\/div>\n<\/div>\n<div class=\"mx-band mx-band--primaer mx-cta-band\">\n<h2>R\u00e9servez directement \u2013 au meilleur prix<\/h2>\n<p>En r\u00e9servant directement sur notre site Internet, vous b\u00e9n\u00e9ficiez du meilleur tarif disponible (garantie du meilleur prix) et d\u2019un interlocuteur d\u00e9di\u00e9 pour r\u00e9pondre \u00e0 toutes vos demandes, du choix de votre chambre \u00e0 l\u2019aide pour l\u2019achat de billets. L\u2019\u00e9tablissement ne disposant que d\u2019une seule suite \u00ab Dom \u00bb, il est conseill\u00e9 d\u2019effectuer votre demande suffisamment \u00e0 l\u2019avance pour les dates de votre choix. <\/p>\n<p class=\"mx-cta\">\n<a class=\"w-btn us-btn-style_1\" target=\"_blank\" rel=\"nofollow\" href=\"https:\/\/www.simplebooking.it\/ibe\/search?hid=6896&#038;lang=DE\"><span class=\"w-btn-label\">Demander des informations sur cette suite ou la r\u00e9server<\/span><\/a><br \/>\n<a class=\"w-btn us-btn-style_1 mx-btn-sekundaer\" href=\"https:\/\/www.karntnerhof.com\/fr\/contact\/\"><span class=\"w-btn-label\">Nous contacter<\/span><\/a>\n<\/p>\n<\/div>\n","protected":false},"excerpt":{"rendered":"<p>Espace r\u00e9serv\u00e9 &#8211; Mot-cl\u00e9 principal : dom suite hotel k\u00e4rntnerhof | URL cible : \/suiten\/dom-suite\/<\/p>\n","protected":false},"author":1,"featured_media":0,"parent":10680,"menu_order":0,"comment_status":"closed","ping_status":"closed","template":"","meta":{"om_disable_all_campaigns":false,"_monsterinsights_skip_tracking":false,"footnotes":""},"class_list":["post-10711","page","type-page","status-publish","hentry"],"aioseo_notices":[],"aioseo_head":"\n\t\t<!-- All in One SEO Pro 5.0.1.1 - aioseo.com -->\n\t<meta name=\"description\" content=\"Suite avec vue garantie sur la cath\u00e9drale Saint-\u00c9tienne. 43 m\u00b2, deux pi\u00e8ces, canap\u00e9-lit dans le salon, \u00e0 partir de 285 \u20ac petit-d\u00e9jeuner compris, pouvant accueillir jusqu&#039;\u00e0 4 personnes.\" \/>\n\t<meta name=\"robots\" content=\"max-image-preview:large\" \/>\n\t<meta name=\"google-site-verification\" content=\"Xstm7lMuMgcACwwIFsA7iSigDIrkT3sdO6rWfaaw8so\" \/>\n\t<link rel=\"canonical\" href=\"https:\/\/www.karntnerhof.com\/fr\/suites\/suite-dom\/\" \/>\n\t<meta name=\"generator\" content=\"All in One SEO Pro (AIOSEO) 5.0.1.1\" \/>\n\t\t<meta property=\"og:locale\" content=\"fr_FR\" \/>\n\t\t<meta property=\"og:site_name\" content=\"Hotel K\u00e4rntnerhof Vienna - Hotel in 1010 Wien, Boutique Hotel Wien\" \/>\n\t\t<meta property=\"og:type\" content=\"article\" \/>\n\t\t<meta property=\"og:title\" content=\"Suite Dom du K\u00e4rntnerhof \u00e0 Vienne \u2014 Vue sur la cath\u00e9drale Saint-\u00c9tienne, 43 m\u00b2\" \/>\n\t\t<meta property=\"og:description\" content=\"Suite avec vue garantie sur la cath\u00e9drale Saint-\u00c9tienne. 43 m\u00b2, deux pi\u00e8ces, canap\u00e9-lit dans le salon, \u00e0 partir de 285 \u20ac petit-d\u00e9jeuner compris, pouvant accueillir jusqu&#039;\u00e0 4 personnes.\" \/>\n\t\t<meta property=\"og:url\" content=\"https:\/\/www.karntnerhof.com\/fr\/suites\/suite-dom\/\" \/>\n\t\t<meta property=\"og:image\" content=\"https:\/\/www.karntnerhof.com\/wp-content\/uploads\/2022\/06\/Logo.png\" \/>\n\t\t<meta property=\"og:image:secure_url\" content=\"https:\/\/www.karntnerhof.com\/wp-content\/uploads\/2022\/06\/Logo.png\" \/>\n\t\t<meta property=\"og:image:width\" content=\"647\" \/>\n\t\t<meta property=\"og:image:height\" content=\"148\" \/>\n\t\t<meta property=\"article:published_time\" content=\"2026-08-20T20:19:49+00:00\" \/>\n\t\t<meta property=\"article:modified_time\" content=\"2026-09-01T17:24:01+00:00\" \/>\n\t\t<meta property=\"article:publisher\" content=\"https:\/\/www.facebook.com\/karntnerhof\" \/>\n\t\t<meta name=\"twitter:card\" content=\"summary\" \/>\n\t\t<meta name=\"twitter:site\" content=\"@Kaerntnerhof\" \/>\n\t\t<meta name=\"twitter:title\" content=\"Suite Dom du K\u00e4rntnerhof \u00e0 Vienne \u2014 Vue sur la cath\u00e9drale Saint-\u00c9tienne, 43 m\u00b2\" \/>\n\t\t<meta name=\"twitter:description\" content=\"Suite avec vue garantie sur la cath\u00e9drale Saint-\u00c9tienne. 43 m\u00b2, deux pi\u00e8ces, canap\u00e9-lit dans le salon, \u00e0 partir de 285 \u20ac petit-d\u00e9jeuner compris, pouvant accueillir jusqu&#039;\u00e0 4 personnes.\" \/>\n\t\t<meta name=\"twitter:creator\" content=\"@Kaerntnerhof\" \/>\n\t\t<meta name=\"twitter:image\" content=\"https:\/\/www.karntnerhof.com\/wp-content\/uploads\/2022\/06\/Logo.png\" \/>\n\t\t<script type=\"application\/ld+json\" class=\"aioseo-schema\">\n\t\t\t{\"@context\":\"https:\\\/\\\/schema.org\",\"@graph\":[{\"@type\":\"BreadcrumbList\",\"@id\":\"https:\\\/\\\/www.karntnerhof.com\\\/fr\\\/suites\\\/suite-dom\\\/#breadcrumblist\",\"itemListElement\":[{\"@type\":\"ListItem\",\"@id\":\"https:\\\/\\\/www.karntnerhof.com\\\/fr\\\/#listItem\",\"position\":1,\"name\":\"Home\",\"item\":\"https:\\\/\\\/www.karntnerhof.com\\\/fr\\\/\",\"nextItem\":{\"@type\":\"ListItem\",\"@id\":\"https:\\\/\\\/www.karntnerhof.com\\\/fr\\\/suites\\\/#listItem\",\"name\":\"Suites\"}},{\"@type\":\"ListItem\",\"@id\":\"https:\\\/\\\/www.karntnerhof.com\\\/fr\\\/suites\\\/#listItem\",\"position\":2,\"name\":\"Suites\",\"item\":\"https:\\\/\\\/www.karntnerhof.com\\\/fr\\\/suites\\\/\",\"nextItem\":{\"@type\":\"ListItem\",\"@id\":\"https:\\\/\\\/www.karntnerhof.com\\\/fr\\\/suites\\\/suite-dom\\\/#listItem\",\"name\":\"Suite Dom\"},\"previousItem\":{\"@type\":\"ListItem\",\"@id\":\"https:\\\/\\\/www.karntnerhof.com\\\/fr\\\/#listItem\",\"name\":\"Home\"}},{\"@type\":\"ListItem\",\"@id\":\"https:\\\/\\\/www.karntnerhof.com\\\/fr\\\/suites\\\/suite-dom\\\/#listItem\",\"position\":3,\"name\":\"Suite Dom\",\"previousItem\":{\"@type\":\"ListItem\",\"@id\":\"https:\\\/\\\/www.karntnerhof.com\\\/fr\\\/suites\\\/#listItem\",\"name\":\"Suites\"}}]},{\"@type\":\"Organization\",\"@id\":\"https:\\\/\\\/www.karntnerhof.com\\\/fr\\\/#organization\",\"name\":\"Hotel K\\u00e4rntnerhof Vienna\",\"description\":\"Hotel in 1010 Wien, Boutique Hotel Wien\",\"url\":\"https:\\\/\\\/www.karntnerhof.com\\\/fr\\\/\",\"telephone\":\"+4315121923\",\"logo\":{\"@type\":\"ImageObject\",\"url\":\"https:\\\/\\\/www.karntnerhof.com\\\/wp-content\\\/uploads\\\/2022\\\/06\\\/Logo.png\",\"@id\":\"https:\\\/\\\/www.karntnerhof.com\\\/fr\\\/suites\\\/suite-dom\\\/#organizationLogo\",\"width\":647,\"height\":148,\"caption\":\"Das individuelle Boutique Hotel Wien K\\u00e4rntnerhof nur drei Gehminuten vom Stephansdom entfernt.\"},\"image\":{\"@id\":\"https:\\\/\\\/www.karntnerhof.com\\\/fr\\\/suites\\\/suite-dom\\\/#organizationLogo\"},\"sameAs\":[\"https:\\\/\\\/www.facebook.com\\\/karntnerhof\",\"https:\\\/\\\/twitter.com\\\/Kaerntnerhof\",\"https:\\\/\\\/www.instagram.com\\\/hotelkarntnerhofvienna\\\/\"]},{\"@type\":\"WebPage\",\"@id\":\"https:\\\/\\\/www.karntnerhof.com\\\/fr\\\/suites\\\/suite-dom\\\/#webpage\",\"url\":\"https:\\\/\\\/www.karntnerhof.com\\\/fr\\\/suites\\\/suite-dom\\\/\",\"name\":\"Suite Dom du K\\u00e4rntnerhof \\u00e0 Vienne \\u2014 Vue sur la cath\\u00e9drale Saint-\\u00c9tienne, 43 m\\u00b2\",\"description\":\"Suite avec vue garantie sur la cath\\u00e9drale Saint-\\u00c9tienne. 43 m\\u00b2, deux pi\\u00e8ces, canap\\u00e9-lit dans le salon, \\u00e0 partir de 285 \\u20ac petit-d\\u00e9jeuner compris, pouvant accueillir jusqu'\\u00e0 4 personnes.\",\"inLanguage\":\"fr-FR\",\"isPartOf\":{\"@id\":\"https:\\\/\\\/www.karntnerhof.com\\\/fr\\\/#website\"},\"breadcrumb\":{\"@id\":\"https:\\\/\\\/www.karntnerhof.com\\\/fr\\\/suites\\\/suite-dom\\\/#breadcrumblist\"},\"datePublished\":\"2026-08-20T22:19:49+02:00\",\"dateModified\":\"2026-09-01T19:24:01+02:00\"},{\"@type\":\"WebSite\",\"@id\":\"https:\\\/\\\/www.karntnerhof.com\\\/fr\\\/#website\",\"url\":\"https:\\\/\\\/www.karntnerhof.com\\\/fr\\\/\",\"name\":\"Hotel K\\u00e4rntnerhof Vienna\",\"description\":\"Hotel in 1010 Wien, Boutique Hotel Wien\",\"inLanguage\":\"fr-FR\",\"publisher\":{\"@id\":\"https:\\\/\\\/www.karntnerhof.com\\\/fr\\\/#organization\"}}]}\n\t\t<\/script>\n\t\t<!-- All in One SEO Pro -->\r\n\t\t<title>Suite Dom du K\u00e4rntnerhof \u00e0 Vienne \u2014 Vue sur la cath\u00e9drale Saint-\u00c9tienne, 43 m\u00b2<\/title>\n\n","aioseo_head_json":{"title":"Suite Dom du K\u00e4rntnerhof \u00e0 Vienne \u2014 Vue sur la cath\u00e9drale Saint-\u00c9tienne, 43 m\u00b2","description":"Suite avec vue garantie sur la cath\u00e9drale Saint-\u00c9tienne. 43 m\u00b2, deux pi\u00e8ces, canap\u00e9-lit dans le salon, \u00e0 partir de 285 \u20ac petit-d\u00e9jeuner compris, pouvant accueillir jusqu'\u00e0 4 personnes.","canonical_url":"https:\/\/www.karntnerhof.com\/fr\/suites\/suite-dom\/","robots":"max-image-preview:large","keywords":"","webmasterTools":{"google-site-verification":"Xstm7lMuMgcACwwIFsA7iSigDIrkT3sdO6rWfaaw8so","miscellaneous":""},"schema":{"@context":"https:\/\/schema.org","@graph":[{"@type":"BreadcrumbList","@id":"https:\/\/www.karntnerhof.com\/fr\/suites\/suite-dom\/#breadcrumblist","itemListElement":[{"@type":"ListItem","@id":"https:\/\/www.karntnerhof.com\/fr\/#listItem","position":1,"name":"Home","item":"https:\/\/www.karntnerhof.com\/fr\/","nextItem":{"@type":"ListItem","@id":"https:\/\/www.karntnerhof.com\/fr\/suites\/#listItem","name":"Suites"}},{"@type":"ListItem","@id":"https:\/\/www.karntnerhof.com\/fr\/suites\/#listItem","position":2,"name":"Suites","item":"https:\/\/www.karntnerhof.com\/fr\/suites\/","nextItem":{"@type":"ListItem","@id":"https:\/\/www.karntnerhof.com\/fr\/suites\/suite-dom\/#listItem","name":"Suite Dom"},"previousItem":{"@type":"ListItem","@id":"https:\/\/www.karntnerhof.com\/fr\/#listItem","name":"Home"}},{"@type":"ListItem","@id":"https:\/\/www.karntnerhof.com\/fr\/suites\/suite-dom\/#listItem","position":3,"name":"Suite Dom","previousItem":{"@type":"ListItem","@id":"https:\/\/www.karntnerhof.com\/fr\/suites\/#listItem","name":"Suites"}}]},{"@type":"Organization","@id":"https:\/\/www.karntnerhof.com\/fr\/#organization","name":"Hotel K\u00e4rntnerhof Vienna","description":"Hotel in 1010 Wien, Boutique Hotel Wien","url":"https:\/\/www.karntnerhof.com\/fr\/","telephone":"+4315121923","logo":{"@type":"ImageObject","url":"https:\/\/www.karntnerhof.com\/wp-content\/uploads\/2022\/06\/Logo.png","@id":"https:\/\/www.karntnerhof.com\/fr\/suites\/suite-dom\/#organizationLogo","width":647,"height":148,"caption":"Das individuelle Boutique Hotel Wien K\u00e4rntnerhof nur drei Gehminuten vom Stephansdom entfernt."},"image":{"@id":"https:\/\/www.karntnerhof.com\/fr\/suites\/suite-dom\/#organizationLogo"},"sameAs":["https:\/\/www.facebook.com\/karntnerhof","https:\/\/twitter.com\/Kaerntnerhof","https:\/\/www.instagram.com\/hotelkarntnerhofvienna\/"]},{"@type":"WebPage","@id":"https:\/\/www.karntnerhof.com\/fr\/suites\/suite-dom\/#webpage","url":"https:\/\/www.karntnerhof.com\/fr\/suites\/suite-dom\/","name":"Suite Dom du K\u00e4rntnerhof \u00e0 Vienne \u2014 Vue sur la cath\u00e9drale Saint-\u00c9tienne, 43 m\u00b2","description":"Suite avec vue garantie sur la cath\u00e9drale Saint-\u00c9tienne. 43 m\u00b2, deux pi\u00e8ces, canap\u00e9-lit dans le salon, \u00e0 partir de 285 \u20ac petit-d\u00e9jeuner compris, pouvant accueillir jusqu'\u00e0 4 personnes.","inLanguage":"fr-FR","isPartOf":{"@id":"https:\/\/www.karntnerhof.com\/fr\/#website"},"breadcrumb":{"@id":"https:\/\/www.karntnerhof.com\/fr\/suites\/suite-dom\/#breadcrumblist"},"datePublished":"2026-08-20T22:19:49+02:00","dateModified":"2026-09-01T19:24:01+02:00"},{"@type":"WebSite","@id":"https:\/\/www.karntnerhof.com\/fr\/#website","url":"https:\/\/www.karntnerhof.com\/fr\/","name":"Hotel K\u00e4rntnerhof Vienna","description":"Hotel in 1010 Wien, Boutique Hotel Wien","inLanguage":"fr-FR","publisher":{"@id":"https:\/\/www.karntnerhof.com\/fr\/#organization"}}]},"og:locale":"fr_FR","og:site_name":"Hotel K\u00e4rntnerhof Vienna - Hotel in 1010 Wien, Boutique Hotel Wien","og:type":"article","og:title":"Suite Dom du K\u00e4rntnerhof \u00e0 Vienne \u2014 Vue sur la cath\u00e9drale Saint-\u00c9tienne, 43 m\u00b2","og:description":"Suite avec vue garantie sur la cath\u00e9drale Saint-\u00c9tienne. 43 m\u00b2, deux pi\u00e8ces, canap\u00e9-lit dans le salon, \u00e0 partir de 285 \u20ac petit-d\u00e9jeuner compris, pouvant accueillir jusqu'\u00e0 4 personnes.","og:url":"https:\/\/www.karntnerhof.com\/fr\/suites\/suite-dom\/","og:image":"https:\/\/www.karntnerhof.com\/wp-content\/uploads\/2022\/06\/Logo.png","og:image:secure_url":"https:\/\/www.karntnerhof.com\/wp-content\/uploads\/2022\/06\/Logo.png","og:image:width":647,"og:image:height":148,"article:published_time":"2026-08-20T20:19:49+00:00","article:modified_time":"2026-09-01T17:24:01+00:00","article:publisher":"https:\/\/www.facebook.com\/karntnerhof","twitter:card":"summary","twitter:site":"@Kaerntnerhof","twitter:title":"Suite Dom du K\u00e4rntnerhof \u00e0 Vienne \u2014 Vue sur la cath\u00e9drale Saint-\u00c9tienne, 43 m\u00b2","twitter:description":"Suite avec vue garantie sur la cath\u00e9drale Saint-\u00c9tienne. 43 m\u00b2, deux pi\u00e8ces, canap\u00e9-lit dans le salon, \u00e0 partir de 285 \u20ac petit-d\u00e9jeuner compris, pouvant accueillir jusqu'\u00e0 4 personnes.","twitter:creator":"@Kaerntnerhof","twitter:image":"https:\/\/www.karntnerhof.com\/wp-content\/uploads\/2022\/06\/Logo.png"},"aioseo_meta_data":{"post_id":"10711","title":"Suite Dom du K\u00e4rntnerhof \u00e0 Vienne \u2014 Vue sur la cath\u00e9drale Saint-\u00c9tienne, 43 m\u00b2","description":"Suite avec vue garantie sur la cath\u00e9drale Saint-\u00c9tienne. 43 m\u00b2, deux pi\u00e8ces, canap\u00e9-lit dans le salon, \u00e0 partir de 285 \u20ac petit-d\u00e9jeuner compris, pouvant accueillir jusqu'\u00e0 4 personnes. ","keywords":null,"keyphrases":{"focus":{"keyphrase":"","score":0,"analysis":{"keyphraseInTitle":{"score":0,"maxScore":9,"error":1}}},"additional":[]},"primary_term":null,"canonical_url":null,"og_title":null,"og_description":null,"og_object_type":"default","og_image_type":"default","og_image_url":null,"og_image_width":null,"og_image_height":null,"og_image_custom_url":null,"og_image_custom_fields":null,"og_video":"","og_custom_url":null,"og_article_section":null,"og_article_tags":null,"twitter_use_og":false,"twitter_card":"default","twitter_image_type":"default","twitter_image_url":null,"twitter_image_custom_url":null,"twitter_image_custom_fields":null,"twitter_title":null,"twitter_description":null,"schema":{"blockGraphs":[],"customGraphs":[],"default":{"data":{"Article":[],"Course":[],"Dataset":[],"FAQPage":[],"Movie":[],"Person":[],"Product":[],"ProductReview":[],"Car":[],"Recipe":[],"Service":[],"SoftwareApplication":[],"WebPage":[]},"graphName":"WebPage","isEnabled":true},"graphs":[]},"schema_type":"default","schema_type_options":null,"pillar_content":false,"robots_default":true,"robots_noindex":false,"robots_noarchive":false,"robots_nosnippet":false,"robots_nofollow":false,"robots_noimageindex":false,"robots_noodp":false,"robots_notranslate":false,"robots_max_snippet":"-1","robots_max_videopreview":"-1","robots_max_imagepreview":"large","priority":0,"frequency":"default","local_seo":null,"seo_analyzer_scan_date":"2026-09-01 17:25:33","breadcrumb_settings":null,"limit_modified_date":false,"reviewed_by":"0","open_ai":null,"ai":{"faqs":[],"keyPoints":[],"schemas":[],"titles":[],"descriptions":[],"socialPosts":{"email":{"subject":"","preview":"","content":""},"linkedin":[],"twitter":[],"facebook":[],"instagram":[]}},"created":"2026-08-20 20:20:43","updated":"2026-09-01 18:21:37","focus_keyword":null,"additional_keywords":null,"truseo_locale":null},"aioseo_breadcrumb":"<div class=\"aioseo-breadcrumbs\"><span class=\"aioseo-breadcrumb\">\n\t<a href=\"https:\/\/www.karntnerhof.com\/fr\/\" title=\"Home\">Home<\/a>\n<\/span><span class=\"aioseo-breadcrumb-separator\">&raquo;<\/span><span class=\"aioseo-breadcrumb\">\n\t<a href=\"https:\/\/www.karntnerhof.com\/fr\/suites\/\" title=\"Suites\">Suites<\/a>\n<\/span><span class=\"aioseo-breadcrumb-separator\">&raquo;<\/span><span class=\"aioseo-breadcrumb\">\n\tSuite Dom\n<\/span><\/div>","aioseo_breadcrumb_json":[{"label":"Home","link":"https:\/\/www.karntnerhof.com\/fr\/"},{"label":"Suites","link":"https:\/\/www.karntnerhof.com\/fr\/suites\/"},{"label":"Suite Dom","link":"https:\/\/www.karntnerhof.com\/fr\/suites\/suite-dom\/"}],"_links":{"self":[{"href":"https:\/\/www.karntnerhof.com\/fr\/wp-json\/wp\/v2\/pages\/10711","targetHints":{"allow":["GET"]}}],"collection":[{"href":"https:\/\/www.karntnerhof.com\/fr\/wp-json\/wp\/v2\/pages"}],"about":[{"href":"https:\/\/www.karntnerhof.com\/fr\/wp-json\/wp\/v2\/types\/page"}],"author":[{"embeddable":true,"href":"https:\/\/www.karntnerhof.com\/fr\/wp-json\/wp\/v2\/users\/1"}],"replies":[{"embeddable":true,"href":"https:\/\/www.karntnerhof.com\/fr\/wp-json\/wp\/v2\/comments?post=10711"}],"version-history":[{"count":5,"href":"https:\/\/www.karntnerhof.com\/fr\/wp-json\/wp\/v2\/pages\/10711\/revisions"}],"predecessor-version":[{"id":13304,"href":"https:\/\/www.karntnerhof.com\/fr\/wp-json\/wp\/v2\/pages\/10711\/revisions\/13304"}],"up":[{"embeddable":true,"href":"https:\/\/www.karntnerhof.com\/fr\/wp-json\/wp\/v2\/pages\/10680"}],"wp:attachment":[{"href":"https:\/\/www.karntnerhof.com\/fr\/wp-json\/wp\/v2\/media?parent=10711"}],"curies":[{"name":"wp","href":"https:\/\/api.w.org\/{rel}","templated":true}]}}