{"id":10680,"date":"2026-08-20T22:07:08","date_gmt":"2026-08-20T20:07:08","guid":{"rendered":"https:\/\/www.karntnerhof.com\/suites\/"},"modified":"2026-09-01T14:58:00","modified_gmt":"2026-09-01T12:58:00","slug":"suites","status":"publish","type":"page","link":"https:\/\/www.karntnerhof.com\/fr\/suites\/","title":{"rendered":"Suites"},"content":{"rendered":"<div class=\"mx-hero\">\n<div class=\"mx-hero__text\">\n<h1>Les suites de l&rsquo;h\u00f4tel K\u00e4rntnerhof \u00e0 Vienne \u2013 trois suites charg\u00e9es d&rsquo;histoire<\/h1>\n<p class=\"mx-hero__lead\">Une chambre d\u2019h\u00f4tel est une chambre d\u2019h\u00f4tel. Une suite charg\u00e9e d\u2019histoire, c\u2019est autre chose. Les suites de l\u2019h\u00f4tel K\u00e4rntnerhof racontent l\u2019histoire de Vienne \u2013 non pas comme simple d\u00e9cor, mais comme un pass\u00e9 bien vivant. Trois suites, trois histoires : une femme hors du commun de l\u2019apr\u00e8s-guerre, une vue sur la cath\u00e9drale Saint-\u00c9tienne et un hommage \u00e0 la grande dame du cin\u00e9ma autrichien.   <\/p>\n<p class=\"mx-hero__cta\">\n<a class=\"w-btn us-btn-style_1\" target=\"_blank\" rel=\"nofollow\" href=\"https:\/\/www.simplebooking.it\/ibe\/search?hid=6896&#038;lang=DE\"><span class=\"w-btn-label\">V\u00e9rifier la disponibilit\u00e9 des suites<\/span><\/a><br \/>\n<a class=\"w-btn us-btn-style_1 mx-btn-sekundaer\" href=\"https:\/\/www.karntnerhof.com\/fr\/chambres-prix\/\"><span class=\"w-btn-label\">Toutes les chambres et tarifs<\/span><\/a>\n<\/p>\n<\/div>\n<figure class=\"mx-hero__bild\">\n<img loading=\"lazy\" decoding=\"async\" src=\"https:\/\/www.karntnerhof.com\/wp-content\/uploads\/2022\/03\/Zimmer-9-2.jpg\" width=\"999\" height=\"666\" alt=\"Suite \u00e0 l'h\u00f4tel K\u00e4rntnerhof de Vienne, avec un lit \u00e0 baldaquin et de lourds rideaux\"><br \/>\n<\/figure>\n<\/div>\n<div class=\"mx-fakten\">\n<div><b>3<\/b><span>suites r\u00e9parties dans tout l&rsquo;\u00e9tablissement<\/span><\/div>\n<div><b>37 \u00e0 52 m\u00b2<\/b><span>Superficies des suites<\/span><\/div>\n<div><b>2 \u00e0 4<\/b><span>personnes par suite<\/span><\/div>\n<div><b>\u00e0 partir de 275 \u20ac.<\/b><span>petit-d\u00e9jeuner compris <\/span><\/div>\n<\/div>\n<div class=\"mx-band mx-band--weiss\">\n<div class=\"mx-mitte mx-mitte--breit\">\n<h2>Trois suites, trois histoires \u2013 en plein c\u0153ur de Vienne<\/h2>\n<p>Chaque suite a son caract\u00e8re propre, et chacune porte son nom pour une raison bien pr\u00e9cise. Les trois suites se composent de deux pi\u00e8ces et peuvent accueillir de 2 \u00e0 4 personnes. <\/p>\n<p>La maison est situ\u00e9e dans une ruelle calme du 1er arrondissement, \u00e0 quelques minutes \u00e0 pied de la cath\u00e9drale Saint-\u00c9tienne : une suite au c\u0153ur de Vienne qui vous offre un v\u00e9ritable havre de paix.<\/p>\n<p>La suite Madame Rosa est d\u00e9di\u00e9e \u00e0 une histoire viennoise hors du commun de l&rsquo;apr\u00e8s-guerre, qui concerne l&rsquo;ensemble de l&rsquo;\u00e9tablissement. La suite Dom offre ce qui est rare \u00e0 Vienne : une vue garantie sur la cath\u00e9drale Saint-\u00c9tienne. La suite Christiane H\u00f6rbiger, d\u2019une superficie de 52 m\u00b2, est la plus grande suite de l\u2019\u00e9tablissement \u2013 un hommage \u00e0 l\u2019histoire du cin\u00e9ma. Compos\u00e9e de deux pi\u00e8ces, elle peut accueillir jusqu\u2019\u00e0 quatre personnes.  <\/p>\n<div class=\"mx-hinweis\">\n<p>Trois suites dans la maison, pas plus. Si vous souhaitez en r\u00e9server une, pensez \u00e0 vous y prendre \u00e0 l&rsquo;avance. <\/p>\n<\/div>\n<h2>Aper\u00e7u des suites : superficie, prix et particularit\u00e9s en un coup d&rsquo;\u0153il<\/h2>\n<p>Pour vous permettre de les comparer rapidement, voici les principales diff\u00e9rences entre les trois suites.<\/p>\n<div class=\"mx-tabelle-scroll\">\n<table class=\"mx-tabelle\">\n<thead>\n<tr>\n<th>Suite<\/th>\n<th>Taille<\/th>\n<th>Prix \u00e0 partir de<\/th>\n<th>Histoire \/ Particularit\u00e9<\/th>\n<th>Id\u00e9al pour<\/th>\n<\/tr>\n<\/thead>\n<tbody>\n<tr>\n<td>Suite Madame Rosa<\/td>\n<td>37 m\u00b2<\/td>\n<td>\u00e0 partir de 275 \u20ac<\/td>\n<td>Histoire viennoise d\u2019apr\u00e8s-guerre hors du commun (concernant l\u2019ensemble de la maison), deux pi\u00e8ces, salle de bains spacieuse en marbre<\/td>\n<td>Pour les amateurs de design et d&rsquo;histoires (2 \u00e0 4 personnes)<\/td>\n<\/tr>\n<tr>\n<td>Suite Dom<\/td>\n<td>43 m\u00b2<\/td>\n<td>\u00e0 partir de 285 \u20ac<\/td>\n<td>Vue sur la cath\u00e9drale Saint-\u00c9tienne, deux pi\u00e8ces, canap\u00e9-lit dans le salon<\/td>\n<td>Couples, occasions sp\u00e9ciales (pouvant accueillir jusqu\u2019\u00e0 4 personnes)<\/td>\n<\/tr>\n<tr>\n<td>Suite Christiane H\u00f6rbiger<\/td>\n<td>52 m\u00b2<\/td>\n<td>\u00e0 partir de 285 \u20ac<\/td>\n<td>Hommage \u00e0 l&rsquo;histoire du cin\u00e9ma, la plus grande suite, deux pi\u00e8ces<\/td>\n<td>Familles, petits groupes (\u00e9galement pour 4 personnes maximum)<\/td>\n<\/tr>\n<\/tbody>\n<\/table>\n<\/div>\n<p>Les tarifs sont donn\u00e9s \u00e0 titre indicatif, par nuit, petit-d\u00e9jeuner compris ; la disponibilit\u00e9 et les tarifs du jour peuvent varier en fonction des dates de votre s\u00e9jour. <\/p>\n<\/div>\n<\/div>\n<div class=\"mx-abschnitt\">\n<div class=\"mx-mitte mx-mitte--breit\">\n<h2>Quelle suite vous convient le mieux ? Les trois suites en d\u00e9tail <\/h2>\n<p>Voici un bref aper\u00e7u des trois suites, chacune accompagn\u00e9e d&rsquo;un lien vers la page d\u00e9taill\u00e9e correspondante.<\/p>\n<ul class=\"mx-galerie\">\n<li><img loading=\"lazy\" decoding=\"async\" src=\"https:\/\/www.karntnerhof.com\/wp-content\/uploads\/2022\/03\/Hotel-Kaerntnerhof-Galerie_14.jpeg\" width=\"600\" height=\"600\" alt=\"Coin salon avec canap\u00e9 rouge et table d'appoint dans une suite de l'h\u00f4tel K\u00e4rntnerhof\"><\/li>\n<li><img loading=\"lazy\" decoding=\"async\" src=\"https:\/\/www.karntnerhof.com\/wp-content\/uploads\/2022\/03\/Hotel-Kaerntnerhof-Galerie_21.jpeg\" width=\"600\" height=\"600\" alt=\"Fen\u00eatre offrant une vue sur le centre-ville de Vienne depuis une suite de l'h\u00f4tel K\u00e4rntnerhof\"><\/li>\n<li><img loading=\"lazy\" decoding=\"async\" src=\"https:\/\/www.karntnerhof.com\/wp-content\/uploads\/2022\/03\/Hotel-Kaerntnerhof-Galerie_28.jpeg\" width=\"600\" height=\"600\" alt=\"Suite spacieuse \u00e0 l'h\u00f4tel K\u00e4rntnerhof, avec un lit et deux fauteuils\"><\/li>\n<\/ul>\n<\/div>\n<\/div>\n<div class=\"mx-split mx-split--bildlinks mx-split--textbreit\">\n<figure class=\"mx-split__bild mx-split__bild--hoch\">\n<img loading=\"lazy\" decoding=\"async\" src=\"https:\/\/www.karntnerhof.com\/wp-content\/uploads\/2022\/03\/Zimmer-3-2.jpg\" width=\"800\" height=\"800\" alt=\"Suite \u00e0 l'h\u00f4tel K\u00e4rntnerhof, avec un rideau rouge et un int\u00e9rieur d'\u00e9poque\"><br \/>\n<\/figure>\n<div class=\"mx-split__text\">\n<h2>Suite Madame Rosa (37 m\u00b2) \u2013 une histoire viennoise que l\u2019on n\u2019oublie pas<\/h2>\n<p>Certaines chambres d&rsquo;h\u00f4tel s&rsquo;appellent \u00ab Suite A \u00bb ou \u00ab Junior Suite \u00bb. La suite Madame Rosa porte ce nom car elle raconte une histoire \u2013 avec un clin d&rsquo;\u0153il. <\/p>\n<p>Au lendemain de la guerre, l\u2019ensemble de l\u2019\u00e9tablissement abritait un \u00e9tablissement dirig\u00e9 par une certaine Madame Rosa \u2013 une femme hors du commun \u00e0 une \u00e9poque mouvement\u00e9e. L\u2019h\u00f4tel K\u00e4rntnerhof rend hommage \u00e0 son souvenir, non pas de mani\u00e8re ostentatoire, mais avec respect \u2013 et lui d\u00e9die cette suite, un lieu privil\u00e9gi\u00e9 au sein de l\u2019\u00e9tablissement. <\/p>\n<p>Aujourd\u2019hui, cette suite est un espace plein de charme compos\u00e9 de deux pi\u00e8ces d\u2019une superficie totale de 37 m\u00b2 et d\u2019une spacieuse salle de bains en marbre, o\u00f9 se m\u00ealent design, histoire et caract\u00e8re viennois. Ceux qui y s\u00e9journent sentent que ce lieu a une histoire \u00e0 raconter \u2013 tout en profitant du calme d\u2019un h\u00f4tel-boutique \u00e0 gestion priv\u00e9e situ\u00e9 en plein centre-ville. <\/p>\n<ul class=\"mx-usp-liste\">\n<li>37 m\u00b2, \u00e0 partir de 275 \u20ac par nuit, petit-d\u00e9jeuner compris <\/li>\n<li>Deux chambres avec une salle de bains spacieuse en marbre<\/li>\n<li>Convient pour 2 \u00e0 4 personnes<\/li>\n<li>Un design unique, empreint d&rsquo;une riche histoire<\/li>\n<li>Situ\u00e9 en centre-ville, au calme, avec un accueil personnalis\u00e9<\/li>\n<\/ul>\n<p class=\"mx-cta\"><a class=\"w-btn us-btn-style_1\" href=\"https:\/\/www.karntnerhof.com\/fr\/suites\/suite-madame-rosa\/\"><span class=\"w-btn-label\">En savoir plus sur la suite Madame Rosa<\/span><\/a><\/p>\n<\/div>\n<\/div>\n<div class=\"mx-band mx-band--hell\">\n<div class=\"mx-mitte mx-mitte--breit\">\n<h2>Suite Dom (43 m\u00b2) \u2013 Suite \u00e0 Vienne, dans le 1er arrondissement, avec vue sur la cath\u00e9drale Saint-\u00c9tienne<\/h2>\n<p>Ceux qui recherchent une suite d&rsquo;h\u00f4tel dans le 1er arrondissement de Vienne souhaitent souvent \u00eatre \u00e0 proximit\u00e9 des sites touristiques \u2013 tout en profitant d&rsquo;un cadre paisible pour se d\u00e9tendre. La suite \u00ab Dom \u00bb allie ces deux atouts. Sa particularit\u00e9 : elle offre une vue sur la cath\u00e9drale Saint-\u00c9tienne. Profiter d&rsquo;une telle vue depuis une suite n&rsquo;est pas une \u00e9vidence \u00e0 Vienne.   <\/p>\n<p>D&rsquo;une superficie de 43 m\u00b2 et compos\u00e9e de deux pi\u00e8ces, la suite Dom est spacieuse et convient particuli\u00e8rement aux escapades romantiques, aux anniversaires de mariage ou \u00e0 d&rsquo;autres occasions sp\u00e9ciales. Un canap\u00e9-lit dans le salon offre un couchage suppl\u00e9mentaire, ce qui permet d\u2019accueillir jusqu\u2019\u00e0 4 personnes dans la suite. La cath\u00e9drale Saint-\u00c9tienne, situ\u00e9e juste en face, conf\u00e8re \u00e0 chaque s\u00e9jour une atmosph\u00e8re paisible, presque solennelle.  <\/p>\n<ul class=\"mx-usp-karten\">\n<li><b>43 m\u00b2,<\/b> \u00e0 partir de 285 \u20ac par nuit, petit-d\u00e9jeuner compris <\/li>\n<li><b>Deux pi\u00e8ces,<\/b> canap\u00e9-lit dans le salon, pouvant accueillir jusqu&rsquo;\u00e0 4 personnes<\/li>\n<li><b>Vue garantie<\/b> sur la cath\u00e9drale Saint-\u00c9tienne<\/li>\n<li><b>Situation centrale<\/b> dans le centre de Vienne, dans une ruelle calme<\/li>\n<li><b>Petit-d\u00e9jeuner compris<\/b> (produits r\u00e9gionaux, bio, v\u00e9g\u00e9taliens)<\/li>\n<\/ul>\n<p class=\"mx-cta\"><a class=\"w-btn us-btn-style_1\" href=\"https:\/\/www.karntnerhof.com\/fr\/suites\/suite-dom\/\"><span class=\"w-btn-label\">En savoir plus sur la suite Dom<\/span><\/a><\/p>\n<\/div>\n<\/div>\n<div class=\"mx-split mx-split--textbreit\">\n<div class=\"mx-split__text\">\n<h2>Suite Christiane H\u00f6rbiger (52 m\u00b2) \u2013 la plus grande suite de l&rsquo;h\u00f4tel K\u00e4rntnerhof<\/h2>\n<p>Avec ses 52 m\u00b2, la suite Christiane H\u00f6rbiger est la plus grande suite de l&rsquo;h\u00f4tel K\u00e4rntnerhof \u2013 et rend hommage \u00e0 l&rsquo;une des personnalit\u00e9s les plus marquantes du cin\u00e9ma autrichien et allemand. Christiane H\u00f6rbiger, grande dame issue de la c\u00e9l\u00e8bre dynastie H\u00f6rbiger, \u00e9tait une ic\u00f4ne incarnant l\u2019esprit viennois : \u00e9l\u00e9gante, chaleureuse, pleine de caract\u00e8re. La suite porte son nom sans pour autant sombrer dans la nostalgie ; elle transpose cette art de vivre dans son espace et son atmosph\u00e8re.  <\/p>\n<p>La suite se compose de deux pi\u00e8ces : une chambre avec un lit double et une chambre plus petite avec des lits s\u00e9par\u00e9s, accessibles par des portes ind\u00e9pendantes et dot\u00e9es d&rsquo;une salle de bains commune. Particuli\u00e8rement adapt\u00e9e aux familles : la suite Christiane H\u00f6rbiger peut ainsi accueillir jusqu&rsquo;\u00e0 quatre personnes. Vous trouverez plus de d\u00e9tails sur l&rsquo;occupation et l&rsquo;\u00e9quipement sur la page d\u00e9di\u00e9e.  <\/p>\n<ul class=\"mx-usp-liste\">\n<li>52 m\u00b2, \u00e0 partir de 285 \u20ac par nuit, petit-d\u00e9jeuner compris <\/li>\n<li>Deux chambres : 1 chambre double + 1 chambre \u00e0 deux lits \u2013 Id\u00e9al pour les familles et les petits groupes (jusqu\u2019\u00e0 4 personnes)<\/li>\n<li>Une ambiance de boutique plut\u00f4t que le standard des cha\u00eenes h\u00f4teli\u00e8res<\/li>\n<li>Un pied-\u00e0-terre au calme dans le 1er arrondissement, \u00e0 quelques pas des sites incontournables de Vienne<\/li>\n<\/ul>\n<p class=\"mx-cta\"><a class=\"w-btn us-btn-style_1\" href=\"https:\/\/www.karntnerhof.com\/fr\/suites\/suite-christiane-hoerbiger\/\"><span class=\"w-btn-label\">En savoir plus sur la suite Christiane H\u00f6rbiger<\/span><\/a><\/p>\n<\/div>\n<figure class=\"mx-split__bild mx-split__bild--hoch\">\n<img loading=\"lazy\" decoding=\"async\" src=\"https:\/\/www.karntnerhof.com\/wp-content\/uploads\/2022\/03\/Zimmer-7-2.jpg\" width=\"800\" height=\"800\" alt=\"Coin salon s\u00e9par\u00e9 avec canap\u00e9 dans une suite de l'h\u00f4tel K\u00e4rntnerhof \u00e0 Vienne\"><br \/>\n<\/figure>\n<\/div>\n<div class=\"mx-band mx-band--weiss\">\n<div class=\"mx-mitte mx-mitte--breit\">\n<h2>Dans quels cas est-il int\u00e9ressant de r\u00e9server une suite dans un h\u00f4tel-boutique \u00e0 Vienne ?<\/h2>\n<p>Toutes les s\u00e9jours ne n\u00e9cessitent pas forc\u00e9ment une suite. Mais parfois, c&rsquo;est elle qui fait toute la diff\u00e9rence. <\/p>\n<ul class=\"mx-usp-karten\">\n<li><b>Plus d&rsquo;espace quand cela compte :<\/b> que vous prolongiez votre s\u00e9jour, que vous voyagiez \u00e0 deux ou en famille, vous b\u00e9n\u00e9ficierez d&rsquo;une superficie de 37 \u00e0 52 m\u00b2 au lieu d&rsquo;une chambre standard compacte. Dans le 1er arrondissement, o\u00f9 la densit\u00e9 urbaine est particuli\u00e8rement \u00e9lev\u00e9e, cette sensation d&rsquo;espace est un v\u00e9ritable privil\u00e8ge. <\/li>\n<li><b>Une exp\u00e9rience inoubliable :<\/b> une suite dans un h\u00f4tel-boutique \u00e0 Vienne est bien plus qu&rsquo;un simple surclassement, c&rsquo;est une v\u00e9ritable exp\u00e9rience. La vue sur la cath\u00e9drale Saint-\u00c9tienne depuis la suite \u00ab Dom \u00bb, l&rsquo;histoire de la suite \u00ab Madame Rosa \u00bb ou le cadre somptueux de la suite \u00ab Christiane H\u00f6rbiger \u00bb font de votre s\u00e9jour un moment inoubliable. <\/li>\n<li><b>L&rsquo;intimit\u00e9 au c\u0153ur de la ville :<\/b> les suites offrent un havre de paix sans pour autant vous priver de la proximit\u00e9 des lieux d&rsquo;int\u00e9r\u00eat. C&rsquo;est exactement ce qu&rsquo;un h\u00f4tel-boutique situ\u00e9 au c\u0153ur de Vienne peut vous offrir. <\/li>\n<\/ul>\n<p><a href=\"https:\/\/www.karntnerhof.com\/fr\/chambres-prix\/\">Aper\u00e7u de toutes les cat\u00e9gories de chambres et de tous les tarifs<\/a><\/p>\n<\/div>\n<\/div>\n<div class=\"mx-abschnitt\">\n<div class=\"mx-mitte mx-mitte--breit\">\n<h2>Bon \u00e0 savoir : emplacement, petit-d\u00e9jeuner et informations pratiques pour les clients des suites<\/h2>\n<ul class=\"mx-usp-liste\">\n<li><b>Situation :<\/b> 1er arrondissement, ruelle calme \u2013 la cath\u00e9drale Saint-\u00c9tienne est accessible en quelques minutes \u00e0 pied ; les principaux mus\u00e9es, caf\u00e9s et rues commer\u00e7antes se trouvent \u00e0 proximit\u00e9.<\/li>\n<li><b>Petit-d\u00e9jeuner :<\/b> tous les jours de 7 h \u00e0 11 h, compris dans le prix. Produits r\u00e9gionaux, s\u00e9lection bio et options v\u00e9g\u00e9taliennes ; indication des produits adapt\u00e9s aux personnes intol\u00e9rantes au lactose et au gluten. <\/li>\n<li><b>Confort :<\/b> climatisation (en fonction de la saison), Wi-Fi gratuit, t\u00e9l\u00e9vision \u00e0 \u00e9cran plat.<\/li>\n<li><b>Parking :<\/b> places de stationnement dans la cour historique du Heiligenkreuzerhof ou dans le parking souterrain de la Georg-Coch-Platz ; aucune r\u00e9servation n&rsquo;est n\u00e9cessaire \u2013 vous trouverez plus de d\u00e9tails sur la <a href=\"https:\/\/www.karntnerhof.com\/fr\/emplacement\/\">page \u00ab Acc\u00e8s et parking<\/a> \u00bb.<\/li>\n<li><b>Histoire de l&rsquo;\u00e9tablissement :<\/b> si vous souhaitez en savoir plus sur le K\u00e4rntnerhof et son histoire, vous trouverez des informations d\u00e9taill\u00e9es sur la <a href=\"https:\/\/www.karntnerhof.com\/fr\/histoire-de-lhotel-kaerntnerhof\/\">page \u00ab Histoire de l&rsquo;\u00e9tablissement<\/a> \u00bb.<\/li>\n<\/ul>\n<h2>Questions fr\u00e9quentes concernant les suites<\/h2>\n<div class=\"mx-faq\">\n<details name=\"faq-suiten\">\n<summary>\n<h3>Quels h\u00f4tels de Vienne proposent des suites charg\u00e9es d&rsquo;histoire ?<\/h3>\n<\/summary>\n<div class=\"mx-faq__antwort\">\n<p>Les h\u00f4tels proposant des suites \u00e0 th\u00e8me sont rares dans le 1er arrondissement de Vienne ; la plupart du temps, les suites s\u2019appellent simplement \u00ab Junior Suite \u00bb ou \u00ab Deluxe Suite \u00bb. \u00c0 l\u2019h\u00f4tel K\u00e4rntnerhof, chacune des trois suites poss\u00e8de sa propre histoire : la suite Madame Rosa est consacr\u00e9e \u00e0 l\u2019histoire d\u2019apr\u00e8s-guerre hors du commun de l\u2019\u00e9tablissement tout entier, la suite Dom offre une vue imprenable sur la cath\u00e9drale Saint-\u00c9tienne et la suite Christiane H\u00f6rbiger rend hommage \u00e0 l\u2019histoire du cin\u00e9ma autrichien. Cela rend votre s\u00e9jour unique.  <\/p>\n<\/div>\n<\/details>\n<details name=\"faq-suiten\">\n<summary>\n<h3>Quel h\u00f4tel viennois dispose d&rsquo;une suite avec vue sur la cath\u00e9drale Saint-\u00c9tienne ?<\/h3>\n<\/summary>\n<div class=\"mx-faq__antwort\">\n<p>Les suites offrant une vue garantie sur la cath\u00e9drale Saint-\u00c9tienne sont rares \u00e0 Vienne. La suite \u00ab Dom \u00bb de l\u2019h\u00f4tel K\u00e4rntnerhof, d\u2019une superficie de 43 m\u00b2 et compos\u00e9e de deux pi\u00e8ces, offre justement cela : une vue sur la cath\u00e9drale Saint-\u00c9tienne, dans un emplacement central du 1er arrondissement tout en \u00e9tant au calme. Prix \u00e0 partir de 285 \u20ac par nuit, petit-d\u00e9jeuner compris \u2013 id\u00e9al pour des s\u00e9jours romantiques ou des occasions sp\u00e9ciales.   <\/p>\n<\/div>\n<\/details>\n<details name=\"faq-suiten\">\n<summary>\n<h3>Quelle est la plus grande suite de l&rsquo;h\u00f4tel K\u00e4rntnerhof ?<\/h3>\n<\/summary>\n<div class=\"mx-faq__antwort\">\n<p>Avec ses 52 m\u00b2, la suite Christiane H\u00f6rbiger est la plus grande suite de l&rsquo;h\u00f4tel K\u00e4rntnerhof. D\u00e9di\u00e9e \u00e0 la grande dame du cin\u00e9ma autrichien et allemand, elle se compose de deux pi\u00e8ces \u2013 une chambre double et une chambre plus petite avec des lits s\u00e9par\u00e9s \u2013 et peut ainsi accueillir des familles comptant jusqu&rsquo;\u00e0 quatre personnes. Prix \u00e0 partir de 285 \u20ac par nuit, petit-d\u00e9jeuner compris.  <\/p>\n<\/div>\n<\/details>\n<\/div>\n<\/div>\n<\/div>\n<div class=\"mx-band mx-band--primaer mx-cta-band\">\n<h2>R\u00e9servez directement \u2013 au meilleur prix<\/h2>\n<p>En r\u00e9servant directement sur notre site Internet, vous b\u00e9n\u00e9ficiez du meilleur tarif disponible (garantie du meilleur prix) et d&rsquo;un interlocuteur d\u00e9di\u00e9 pour r\u00e9pondre \u00e0 toutes vos demandes, du choix de la suite \u00e0 l&rsquo;aide pour l&rsquo;achat de billets. L&rsquo;\u00e9tablissement ne disposant que de trois suites, il est conseill\u00e9 de faire votre demande suffisamment \u00e0 l&rsquo;avance pour les dates de votre choix. <\/p>\n<p class=\"mx-cta\">\n<a class=\"w-btn us-btn-style_1\" target=\"_blank\" rel=\"nofollow\" href=\"https:\/\/www.simplebooking.it\/ibe\/search?hid=6896&#038;lang=DE\"><span class=\"w-btn-label\">V\u00e9rifier la disponibilit\u00e9 des suites et r\u00e9server<\/span><\/a><br \/>\n<a class=\"w-btn us-btn-style_1 mx-btn-sekundaer\" href=\"https:\/\/www.karntnerhof.com\/fr\/contact\/\"><span class=\"w-btn-label\">Nous contacter<\/span><\/a>\n<\/p>\n<\/div>\n","protected":false},"excerpt":{"rendered":"<p>Espace r\u00e9serv\u00e9 &#8211; Mot-cl\u00e9 principal : suites h\u00f4tel K\u00e4rntnerhof | URL cible : \/suiten\/<\/p>\n","protected":false},"author":1,"featured_media":0,"parent":0,"menu_order":0,"comment_status":"closed","ping_status":"closed","template":"","meta":{"om_disable_all_campaigns":false,"_monsterinsights_skip_tracking":false,"footnotes":""},"class_list":["post-10680","page","type-page","status-publish","hentry"],"aioseo_notices":[],"aioseo_head":"\n\t\t<!-- All in One SEO Pro 5.0.1.1 - aioseo.com -->\n\t<meta name=\"description\" content=\"Madame Rosa, Dom et Christiane H\u00f6rbiger : trois suites viennoises, chacune avec son histoire. De 37 \u00e0 52 m\u00b2, \u00e0 partir de 275 \u20ac. R\u00e9servez directement.\" \/>\n\t<meta name=\"robots\" content=\"max-image-preview:large\" \/>\n\t<meta name=\"google-site-verification\" content=\"Xstm7lMuMgcACwwIFsA7iSigDIrkT3sdO6rWfaaw8so\" \/>\n\t<link rel=\"canonical\" href=\"https:\/\/www.karntnerhof.com\/fr\/suites\/\" \/>\n\t<meta name=\"generator\" content=\"All in One SEO Pro (AIOSEO) 5.0.1.1\" \/>\n\t\t<meta property=\"og:locale\" content=\"fr_FR\" \/>\n\t\t<meta property=\"og:site_name\" content=\"Hotel K\u00e4rntnerhof Vienna - Hotel in 1010 Wien, Boutique Hotel Wien\" \/>\n\t\t<meta property=\"og:type\" content=\"article\" \/>\n\t\t<meta property=\"og:title\" content=\"Les suites de l&#039;h\u00f4tel K\u00e4rntnerhof \u00e0 Vienne \u2013 3 suites charg\u00e9es d&#039;histoire\" \/>\n\t\t<meta property=\"og:description\" content=\"Madame Rosa, Dom et Christiane H\u00f6rbiger : trois suites viennoises, chacune avec son histoire. De 37 \u00e0 52 m\u00b2, \u00e0 partir de 275 \u20ac. R\u00e9servez directement.\" \/>\n\t\t<meta property=\"og:url\" content=\"https:\/\/www.karntnerhof.com\/fr\/suites\/\" \/>\n\t\t<meta property=\"og:image\" content=\"https:\/\/www.karntnerhof.com\/wp-content\/uploads\/2022\/06\/Logo.png\" \/>\n\t\t<meta property=\"og:image:secure_url\" content=\"https:\/\/www.karntnerhof.com\/wp-content\/uploads\/2022\/06\/Logo.png\" \/>\n\t\t<meta property=\"og:image:width\" content=\"647\" \/>\n\t\t<meta property=\"og:image:height\" content=\"148\" \/>\n\t\t<meta property=\"article:published_time\" content=\"2026-08-20T20:07:08+00:00\" \/>\n\t\t<meta property=\"article:modified_time\" content=\"2026-09-01T12:58:00+00:00\" \/>\n\t\t<meta property=\"article:publisher\" content=\"https:\/\/www.facebook.com\/karntnerhof\" \/>\n\t\t<meta name=\"twitter:card\" content=\"summary\" \/>\n\t\t<meta name=\"twitter:site\" content=\"@Kaerntnerhof\" \/>\n\t\t<meta name=\"twitter:title\" content=\"Les suites de l&#039;h\u00f4tel K\u00e4rntnerhof \u00e0 Vienne \u2013 3 suites charg\u00e9es d&#039;histoire\" \/>\n\t\t<meta name=\"twitter:description\" content=\"Madame Rosa, Dom et Christiane H\u00f6rbiger : trois suites viennoises, chacune avec son histoire. De 37 \u00e0 52 m\u00b2, \u00e0 partir de 275 \u20ac. R\u00e9servez directement.\" \/>\n\t\t<meta name=\"twitter:creator\" content=\"@Kaerntnerhof\" \/>\n\t\t<meta name=\"twitter:image\" content=\"https:\/\/www.karntnerhof.com\/wp-content\/uploads\/2022\/06\/Logo.png\" \/>\n\t\t<script type=\"application\/ld+json\" class=\"aioseo-schema\">\n\t\t\t{\"@context\":\"https:\\\/\\\/schema.org\",\"@graph\":[{\"@type\":\"BreadcrumbList\",\"@id\":\"https:\\\/\\\/www.karntnerhof.com\\\/fr\\\/suites\\\/#breadcrumblist\",\"itemListElement\":[{\"@type\":\"ListItem\",\"@id\":\"https:\\\/\\\/www.karntnerhof.com\\\/fr\\\/#listItem\",\"position\":1,\"name\":\"Home\",\"item\":\"https:\\\/\\\/www.karntnerhof.com\\\/fr\\\/\",\"nextItem\":{\"@type\":\"ListItem\",\"@id\":\"https:\\\/\\\/www.karntnerhof.com\\\/fr\\\/suites\\\/#listItem\",\"name\":\"Suites\"}},{\"@type\":\"ListItem\",\"@id\":\"https:\\\/\\\/www.karntnerhof.com\\\/fr\\\/suites\\\/#listItem\",\"position\":2,\"name\":\"Suites\",\"previousItem\":{\"@type\":\"ListItem\",\"@id\":\"https:\\\/\\\/www.karntnerhof.com\\\/fr\\\/#listItem\",\"name\":\"Home\"}}]},{\"@type\":\"Organization\",\"@id\":\"https:\\\/\\\/www.karntnerhof.com\\\/fr\\\/#organization\",\"name\":\"Hotel K\\u00e4rntnerhof Vienna\",\"description\":\"Hotel in 1010 Wien, Boutique Hotel Wien\",\"url\":\"https:\\\/\\\/www.karntnerhof.com\\\/fr\\\/\",\"telephone\":\"+4315121923\",\"logo\":{\"@type\":\"ImageObject\",\"url\":\"https:\\\/\\\/www.karntnerhof.com\\\/wp-content\\\/uploads\\\/2022\\\/06\\\/Logo.png\",\"@id\":\"https:\\\/\\\/www.karntnerhof.com\\\/fr\\\/suites\\\/#organizationLogo\",\"width\":647,\"height\":148,\"caption\":\"Das individuelle Boutique Hotel Wien K\\u00e4rntnerhof nur drei Gehminuten vom Stephansdom entfernt.\"},\"image\":{\"@id\":\"https:\\\/\\\/www.karntnerhof.com\\\/fr\\\/suites\\\/#organizationLogo\"},\"sameAs\":[\"https:\\\/\\\/www.facebook.com\\\/karntnerhof\",\"https:\\\/\\\/twitter.com\\\/Kaerntnerhof\",\"https:\\\/\\\/www.instagram.com\\\/hotelkarntnerhofvienna\\\/\"]},{\"@type\":\"WebPage\",\"@id\":\"https:\\\/\\\/www.karntnerhof.com\\\/fr\\\/suites\\\/#webpage\",\"url\":\"https:\\\/\\\/www.karntnerhof.com\\\/fr\\\/suites\\\/\",\"name\":\"Les suites de l'h\\u00f4tel K\\u00e4rntnerhof \\u00e0 Vienne \\u2013 3 suites charg\\u00e9es d'histoire\",\"description\":\"Madame Rosa, Dom et Christiane H\\u00f6rbiger : trois suites viennoises, chacune avec son histoire. De 37 \\u00e0 52 m\\u00b2, \\u00e0 partir de 275 \\u20ac. R\\u00e9servez directement.\",\"inLanguage\":\"fr-FR\",\"isPartOf\":{\"@id\":\"https:\\\/\\\/www.karntnerhof.com\\\/fr\\\/#website\"},\"breadcrumb\":{\"@id\":\"https:\\\/\\\/www.karntnerhof.com\\\/fr\\\/suites\\\/#breadcrumblist\"},\"datePublished\":\"2026-08-20T22:07:08+02:00\",\"dateModified\":\"2026-09-01T14:58:00+02:00\"},{\"@type\":\"WebSite\",\"@id\":\"https:\\\/\\\/www.karntnerhof.com\\\/fr\\\/#website\",\"url\":\"https:\\\/\\\/www.karntnerhof.com\\\/fr\\\/\",\"name\":\"Hotel K\\u00e4rntnerhof Vienna\",\"description\":\"Hotel in 1010 Wien, Boutique Hotel Wien\",\"inLanguage\":\"fr-FR\",\"publisher\":{\"@id\":\"https:\\\/\\\/www.karntnerhof.com\\\/fr\\\/#organization\"}}]}\n\t\t<\/script>\n\t\t<!-- All in One SEO Pro -->\r\n\t\t<title>Les suites de l'h\u00f4tel K\u00e4rntnerhof \u00e0 Vienne \u2013 3 suites charg\u00e9es d'histoire<\/title>\n\n","aioseo_head_json":{"title":"Les suites de l'h\u00f4tel K\u00e4rntnerhof \u00e0 Vienne \u2013 3 suites charg\u00e9es d'histoire","description":"Madame Rosa, Dom et Christiane H\u00f6rbiger : trois suites viennoises, chacune avec son histoire. De 37 \u00e0 52 m\u00b2, \u00e0 partir de 275 \u20ac. R\u00e9servez directement.","canonical_url":"https:\/\/www.karntnerhof.com\/fr\/suites\/","robots":"max-image-preview:large","keywords":"","webmasterTools":{"google-site-verification":"Xstm7lMuMgcACwwIFsA7iSigDIrkT3sdO6rWfaaw8so","miscellaneous":""},"schema":{"@context":"https:\/\/schema.org","@graph":[{"@type":"BreadcrumbList","@id":"https:\/\/www.karntnerhof.com\/fr\/suites\/#breadcrumblist","itemListElement":[{"@type":"ListItem","@id":"https:\/\/www.karntnerhof.com\/fr\/#listItem","position":1,"name":"Home","item":"https:\/\/www.karntnerhof.com\/fr\/","nextItem":{"@type":"ListItem","@id":"https:\/\/www.karntnerhof.com\/fr\/suites\/#listItem","name":"Suites"}},{"@type":"ListItem","@id":"https:\/\/www.karntnerhof.com\/fr\/suites\/#listItem","position":2,"name":"Suites","previousItem":{"@type":"ListItem","@id":"https:\/\/www.karntnerhof.com\/fr\/#listItem","name":"Home"}}]},{"@type":"Organization","@id":"https:\/\/www.karntnerhof.com\/fr\/#organization","name":"Hotel K\u00e4rntnerhof Vienna","description":"Hotel in 1010 Wien, Boutique Hotel Wien","url":"https:\/\/www.karntnerhof.com\/fr\/","telephone":"+4315121923","logo":{"@type":"ImageObject","url":"https:\/\/www.karntnerhof.com\/wp-content\/uploads\/2022\/06\/Logo.png","@id":"https:\/\/www.karntnerhof.com\/fr\/suites\/#organizationLogo","width":647,"height":148,"caption":"Das individuelle Boutique Hotel Wien K\u00e4rntnerhof nur drei Gehminuten vom Stephansdom entfernt."},"image":{"@id":"https:\/\/www.karntnerhof.com\/fr\/suites\/#organizationLogo"},"sameAs":["https:\/\/www.facebook.com\/karntnerhof","https:\/\/twitter.com\/Kaerntnerhof","https:\/\/www.instagram.com\/hotelkarntnerhofvienna\/"]},{"@type":"WebPage","@id":"https:\/\/www.karntnerhof.com\/fr\/suites\/#webpage","url":"https:\/\/www.karntnerhof.com\/fr\/suites\/","name":"Les suites de l'h\u00f4tel K\u00e4rntnerhof \u00e0 Vienne \u2013 3 suites charg\u00e9es d'histoire","description":"Madame Rosa, Dom et Christiane H\u00f6rbiger : trois suites viennoises, chacune avec son histoire. De 37 \u00e0 52 m\u00b2, \u00e0 partir de 275 \u20ac. R\u00e9servez directement.","inLanguage":"fr-FR","isPartOf":{"@id":"https:\/\/www.karntnerhof.com\/fr\/#website"},"breadcrumb":{"@id":"https:\/\/www.karntnerhof.com\/fr\/suites\/#breadcrumblist"},"datePublished":"2026-08-20T22:07:08+02:00","dateModified":"2026-09-01T14:58:00+02:00"},{"@type":"WebSite","@id":"https:\/\/www.karntnerhof.com\/fr\/#website","url":"https:\/\/www.karntnerhof.com\/fr\/","name":"Hotel K\u00e4rntnerhof Vienna","description":"Hotel in 1010 Wien, Boutique Hotel Wien","inLanguage":"fr-FR","publisher":{"@id":"https:\/\/www.karntnerhof.com\/fr\/#organization"}}]},"og:locale":"fr_FR","og:site_name":"Hotel K\u00e4rntnerhof Vienna - Hotel in 1010 Wien, Boutique Hotel Wien","og:type":"article","og:title":"Les suites de l'h\u00f4tel K\u00e4rntnerhof \u00e0 Vienne \u2013 3 suites charg\u00e9es d'histoire","og:description":"Madame Rosa, Dom et Christiane H\u00f6rbiger : trois suites viennoises, chacune avec son histoire. De 37 \u00e0 52 m\u00b2, \u00e0 partir de 275 \u20ac. R\u00e9servez directement.","og:url":"https:\/\/www.karntnerhof.com\/fr\/suites\/","og:image":"https:\/\/www.karntnerhof.com\/wp-content\/uploads\/2022\/06\/Logo.png","og:image:secure_url":"https:\/\/www.karntnerhof.com\/wp-content\/uploads\/2022\/06\/Logo.png","og:image:width":647,"og:image:height":148,"article:published_time":"2026-08-20T20:07:08+00:00","article:modified_time":"2026-09-01T12:58:00+00:00","article:publisher":"https:\/\/www.facebook.com\/karntnerhof","twitter:card":"summary","twitter:site":"@Kaerntnerhof","twitter:title":"Les suites de l'h\u00f4tel K\u00e4rntnerhof \u00e0 Vienne \u2013 3 suites charg\u00e9es d'histoire","twitter:description":"Madame Rosa, Dom et Christiane H\u00f6rbiger : trois suites viennoises, chacune avec son histoire. De 37 \u00e0 52 m\u00b2, \u00e0 partir de 275 \u20ac. R\u00e9servez directement.","twitter:creator":"@Kaerntnerhof","twitter:image":"https:\/\/www.karntnerhof.com\/wp-content\/uploads\/2022\/06\/Logo.png"},"aioseo_meta_data":{"post_id":"10680","title":"Les suites de l'h\u00f4tel K\u00e4rntnerhof \u00e0 Vienne \u2013 3 suites charg\u00e9es d'histoire","description":"Madame Rosa, Dom et Christiane H\u00f6rbiger : trois suites viennoises, chacune avec son histoire. De 37 \u00e0 52 m\u00b2, \u00e0 partir de 275 \u20ac. R\u00e9servez directement.  ","keywords":null,"keyphrases":{"focus":{"keyphrase":"","score":0,"analysis":{"keyphraseInTitle":{"score":0,"maxScore":9,"error":1}}},"additional":[]},"primary_term":null,"canonical_url":null,"og_title":null,"og_description":null,"og_object_type":"default","og_image_type":"default","og_image_url":null,"og_image_width":null,"og_image_height":null,"og_image_custom_url":null,"og_image_custom_fields":null,"og_video":"","og_custom_url":null,"og_article_section":null,"og_article_tags":null,"twitter_use_og":false,"twitter_card":"default","twitter_image_type":"default","twitter_image_url":null,"twitter_image_custom_url":null,"twitter_image_custom_fields":null,"twitter_title":null,"twitter_description":null,"schema":{"blockGraphs":[],"customGraphs":[],"default":{"data":{"Article":[],"Course":[],"Dataset":[],"FAQPage":[],"Movie":[],"Person":[],"Product":[],"ProductReview":[],"Car":[],"Recipe":[],"Service":[],"SoftwareApplication":[],"WebPage":[]},"graphName":"WebPage","isEnabled":true},"graphs":[]},"schema_type":"default","schema_type_options":null,"pillar_content":false,"robots_default":true,"robots_noindex":false,"robots_noarchive":false,"robots_nosnippet":false,"robots_nofollow":false,"robots_noimageindex":false,"robots_noodp":false,"robots_notranslate":false,"robots_max_snippet":"-1","robots_max_videopreview":"-1","robots_max_imagepreview":"large","priority":0,"frequency":"default","local_seo":null,"seo_analyzer_scan_date":"2026-09-01 12:23:19","breadcrumb_settings":null,"limit_modified_date":false,"reviewed_by":"0","open_ai":null,"ai":{"faqs":[],"keyPoints":[],"schemas":[],"titles":[],"descriptions":[],"socialPosts":{"email":{"subject":"","preview":"","content":""},"linkedin":[],"twitter":[],"facebook":[],"instagram":[]}},"created":"2026-08-20 20:08:06","updated":"2026-09-01 14:17:25","focus_keyword":null,"additional_keywords":null,"truseo_locale":null},"aioseo_breadcrumb":"<div class=\"aioseo-breadcrumbs\"><span class=\"aioseo-breadcrumb\">\n\t<a href=\"https:\/\/www.karntnerhof.com\/fr\/\" title=\"Home\">Home<\/a>\n<\/span><span class=\"aioseo-breadcrumb-separator\">&raquo;<\/span><span class=\"aioseo-breadcrumb\">\n\tSuites\n<\/span><\/div>","aioseo_breadcrumb_json":[{"label":"Home","link":"https:\/\/www.karntnerhof.com\/fr\/"},{"label":"Suites","link":"https:\/\/www.karntnerhof.com\/fr\/suites\/"}],"_links":{"self":[{"href":"https:\/\/www.karntnerhof.com\/fr\/wp-json\/wp\/v2\/pages\/10680","targetHints":{"allow":["GET"]}}],"collection":[{"href":"https:\/\/www.karntnerhof.com\/fr\/wp-json\/wp\/v2\/pages"}],"about":[{"href":"https:\/\/www.karntnerhof.com\/fr\/wp-json\/wp\/v2\/types\/page"}],"author":[{"embeddable":true,"href":"https:\/\/www.karntnerhof.com\/fr\/wp-json\/wp\/v2\/users\/1"}],"replies":[{"embeddable":true,"href":"https:\/\/www.karntnerhof.com\/fr\/wp-json\/wp\/v2\/comments?post=10680"}],"version-history":[{"count":2,"href":"https:\/\/www.karntnerhof.com\/fr\/wp-json\/wp\/v2\/pages\/10680\/revisions"}],"predecessor-version":[{"id":13167,"href":"https:\/\/www.karntnerhof.com\/fr\/wp-json\/wp\/v2\/pages\/10680\/revisions\/13167"}],"wp:attachment":[{"href":"https:\/\/www.karntnerhof.com\/fr\/wp-json\/wp\/v2\/media?parent=10680"}],"curies":[{"name":"wp","href":"https:\/\/api.w.org\/{rel}","templated":true}]}}